{"id":368,"date":"2023-01-17T19:20:13","date_gmt":"2023-01-17T19:20:13","guid":{"rendered":"https:\/\/kanotcentralen.se\/?page_id=368"},"modified":"2026-03-19T11:22:51","modified_gmt":"2026-03-19T11:22:51","slug":"stugovernattning-i-riseberga","status":"publish","type":"page","link":"https:\/\/kanotcentralen.se\/sv\/stugovernattning-i-riseberga\/","title":{"rendered":"Jaktstugan i Riseberga"},"content":{"rendered":"\t\t<div data-elementor-type=\"wp-page\" data-elementor-id=\"368\" class=\"elementor elementor-368\" data-elementor-post-type=\"page\">\n\t\t\t\t\t\t<section class=\"elementor-section elementor-top-section elementor-element elementor-element-dd4be69 elementor-section-full_width elementor-section-height-min-height elementor-section-height-default elementor-section-items-middle\" data-id=\"dd4be69\" data-element_type=\"section\" data-e-type=\"section\" data-settings=\"{&quot;background_background&quot;:&quot;classic&quot;}\">\n\t\t\t\t\t\t\t<div class=\"elementor-background-overlay\"><\/div>\n\t\t\t\t\t\t\t<div class=\"elementor-container elementor-column-gap-default\">\n\t\t\t\t\t<div class=\"elementor-column elementor-col-100 elementor-top-column elementor-element elementor-element-6efd250\" data-id=\"6efd250\" data-element_type=\"column\" data-e-type=\"column\">\n\t\t\t<div class=\"elementor-widget-wrap elementor-element-populated\">\n\t\t\t\t\t\t<section class=\"elementor-section elementor-inner-section elementor-element elementor-element-1e7acc0 elementor-section-boxed elementor-section-height-default elementor-section-height-default\" data-id=\"1e7acc0\" data-element_type=\"section\" data-e-type=\"section\">\n\t\t\t\t\t\t<div class=\"elementor-container elementor-column-gap-default\">\n\t\t\t\t\t<div class=\"elementor-column elementor-col-100 elementor-inner-column elementor-element elementor-element-ba55ff3\" data-id=\"ba55ff3\" data-element_type=\"column\" data-e-type=\"column\">\n\t\t\t<div class=\"elementor-widget-wrap elementor-element-populated\">\n\t\t\t\t\t\t<div class=\"elementor-element elementor-element-f6001b3 elementor-widget elementor-widget-heading\" data-id=\"f6001b3\" data-element_type=\"widget\" data-e-type=\"widget\" data-widget_type=\"heading.default\">\n\t\t\t\t<div class=\"elementor-widget-container\">\n\t\t\t\t\t<h2 class=\"elementor-heading-title elementor-size-default\">Stug\u00f6vernattning i Riseberga\nJaktstugan<\/h2>\t\t\t\t<\/div>\n\t\t\t\t<\/div>\n\t\t\t\t\t<\/div>\n\t\t<\/div>\n\t\t\t\t\t<\/div>\n\t\t<\/section>\n\t\t\t\t<div class=\"elementor-element elementor-element-a466469 elementor-widget__width-auto elementor-fixed e-transform elementor-widget elementor-widget-button\" data-id=\"a466469\" data-element_type=\"widget\" data-e-type=\"widget\" data-settings=\"{&quot;_position&quot;:&quot;fixed&quot;,&quot;_transform_rotateZ_effect&quot;:{&quot;unit&quot;:&quot;px&quot;,&quot;size&quot;:-90,&quot;sizes&quot;:[]},&quot;_transform_rotateZ_effect_tablet&quot;:{&quot;unit&quot;:&quot;deg&quot;,&quot;size&quot;:&quot;&quot;,&quot;sizes&quot;:[]},&quot;_transform_rotateZ_effect_mobile&quot;:{&quot;unit&quot;:&quot;deg&quot;,&quot;size&quot;:&quot;&quot;,&quot;sizes&quot;:[]}}\" data-widget_type=\"button.default\">\n\t\t\t\t<div class=\"elementor-widget-container\">\n\t\t\t\t\t\t\t\t\t<div class=\"elementor-button-wrapper\">\n\t\t\t\t\t<a class=\"elementor-button elementor-button-link elementor-size-sm\" href=\"https:\/\/app.bookspot.io\/widget\/v3?widgetId=1358f547-502a-4357-a6df-925c7210b8fb\">\n\t\t\t\t\t\t<span class=\"elementor-button-content-wrapper\">\n\t\t\t\t\t\t\t\t\t<span class=\"elementor-button-text\">Boka h\u00e4r<\/span>\n\t\t\t\t\t<\/span>\n\t\t\t\t\t<\/a>\n\t\t\t\t<\/div>\n\t\t\t\t\t\t\t\t<\/div>\n\t\t\t\t<\/div>\n\t\t\t\t\t<\/div>\n\t\t<\/div>\n\t\t\t\t\t<\/div>\n\t\t<\/section>\n\t\t\t\t<section class=\"elementor-section elementor-top-section elementor-element elementor-element-e8fc808 elementor-section-boxed elementor-section-height-default elementor-section-height-default\" data-id=\"e8fc808\" data-element_type=\"section\" data-e-type=\"section\" data-settings=\"{&quot;background_background&quot;:&quot;classic&quot;}\">\n\t\t\t\t\t\t<div class=\"elementor-container elementor-column-gap-default\">\n\t\t\t\t\t<div class=\"elementor-column elementor-col-100 elementor-top-column elementor-element elementor-element-9b42e7b\" data-id=\"9b42e7b\" data-element_type=\"column\" data-e-type=\"column\">\n\t\t\t<div class=\"elementor-widget-wrap elementor-element-populated\">\n\t\t\t\t\t\t<section class=\"elementor-section elementor-inner-section elementor-element elementor-element-dba4349 elementor-section-boxed elementor-section-height-default elementor-section-height-default\" data-id=\"dba4349\" data-element_type=\"section\" data-e-type=\"section\" data-settings=\"{&quot;background_background&quot;:&quot;classic&quot;}\">\n\t\t\t\t\t\t<div class=\"elementor-container elementor-column-gap-default\">\n\t\t\t\t\t<div class=\"elementor-column elementor-col-100 elementor-inner-column elementor-element elementor-element-7b798c6\" data-id=\"7b798c6\" data-element_type=\"column\" data-e-type=\"column\">\n\t\t\t<div class=\"elementor-widget-wrap elementor-element-populated\">\n\t\t\t\t\t\t<div class=\"elementor-element elementor-element-6e5d4af elementor-widget elementor-widget-heading\" data-id=\"6e5d4af\" data-element_type=\"widget\" data-e-type=\"widget\" data-widget_type=\"heading.default\">\n\t\t\t\t<div class=\"elementor-widget-container\">\n\t\t\t\t\t<h2 class=\"elementor-heading-title elementor-size-default\">Charmig liten stuga p\u00e5 h\u00e4stg\u00e5rd<\/h2>\t\t\t\t<\/div>\n\t\t\t\t<\/div>\n\t\t\t\t<div class=\"elementor-element elementor-element-84cca46 elementor-widget elementor-widget-text-editor\" data-id=\"84cca46\" data-element_type=\"widget\" data-e-type=\"widget\" data-widget_type=\"text-editor.default\">\n\t\t\t\t<div class=\"elementor-widget-container\">\n\t\t\t\t\t\t\t\t\t<p>Jaktstugan&nbsp;ligger fint p\u00e5 en h\u00e4stg\u00e5rd 250 m fr\u00e5n R\u00f6nne \u00e5.<\/p>\n<p>H\u00e4r finns 4 b\u00e4ddar. En b\u00e4ddsoffa p\u00e5 nedanv\u00e5ningen f\u00f6r 2 personer och ett sovloft med 2 madrasser.<\/p>\n<p>Fullst\u00e4ndigt utrsustat k\u00f6k med kyl, frys, ugn, diskmaskin mm.<\/p>\n<p>\u00d6ppen spis och ved.<\/p>\n<p>Dush och toalett.<\/p>\n<p>Centralv\u00e4rme = alltid varmt.<\/p>\n<p>Grillplats med ved finns utanf\u00f6r stugan.<\/p>\n<p>Tillg\u00e5ng till WiFI.<\/p>\n<p><strong>\u00d6vernattning upp till 4&nbsp;personer.<\/strong><br>Lakan och handdukar tillhandah\u00e5lles mot en avgift.<br>Annars medtag egen sovs\u00e4ck eller s\u00e4ngkl\u00e4der.<\/p>\n<p><strong>Utcheckning<\/strong>&nbsp;senast kl 12.00.&nbsp;<strong>Incheckning<\/strong>&nbsp;tidigast 14.00.<br>F\u00f6re avf\u00e4rd ska stugan grovst\u00e4das. Inga husdjur i stugorna.<br>Det finns katter och h\u00e4star p\u00e5 g\u00e5rden (allergirisk).<\/p>\t\t\t\t\t\t\t\t<\/div>\n\t\t\t\t<\/div>\n\t\t\t\t<div class=\"elementor-element elementor-element-4795d98 elementor-widget elementor-widget-button\" data-id=\"4795d98\" data-element_type=\"widget\" data-e-type=\"widget\" data-widget_type=\"button.default\">\n\t\t\t\t<div class=\"elementor-widget-container\">\n\t\t\t\t\t\t\t\t\t<div class=\"elementor-button-wrapper\">\n\t\t\t\t\t<a class=\"elementor-button elementor-button-link elementor-size-sm\" href=\"https:\/\/www.airbnb.se\/rooms\/51494531?check_in=2025-03-13&#038;check_out=2025-03-18&#038;guests=1&#038;adults=1&#038;s=67&#038;unique_share_id=664136b9-5bb7-4239-b3%20Ingen%20Ladda%20upp%20SVG%20Ikonbibliotek%20Knapp-ID%20%20Please%20make%20sure%20the%20ID%20is%20unique%20and%20not%20used%20elsewhere%20on%20the%20page.%20This%20field%20allows%20A-z%200-9%20&#038;%20underscore%20chars%20without%20spaces.%20Beh\u00f6vs%20hj\u00e4lp25-d3515dd87f01\">\n\t\t\t\t\t\t<span class=\"elementor-button-content-wrapper\">\n\t\t\t\t\t\t\t\t\t<span class=\"elementor-button-text\">Se pris och boka Jaktstugan p\u00e5 airbnb.se<\/span>\n\t\t\t\t\t<\/span>\n\t\t\t\t\t<\/a>\n\t\t\t\t<\/div>\n\t\t\t\t\t\t\t\t<\/div>\n\t\t\t\t<\/div>\n\t\t\t\t<div class=\"elementor-element elementor-element-0bb1b72 elementor-widget elementor-widget-spacer\" data-id=\"0bb1b72\" data-element_type=\"widget\" data-e-type=\"widget\" data-widget_type=\"spacer.default\">\n\t\t\t\t<div class=\"elementor-widget-container\">\n\t\t\t\t\t\t\t<div class=\"elementor-spacer\">\n\t\t\t<div class=\"elementor-spacer-inner\"><\/div>\n\t\t<\/div>\n\t\t\t\t\t\t<\/div>\n\t\t\t\t<\/div>\n\t\t\t\t<div class=\"elementor-element elementor-element-bb18b1e elementor-widget elementor-widget-heading\" data-id=\"bb18b1e\" data-element_type=\"widget\" data-e-type=\"widget\" data-widget_type=\"heading.default\">\n\t\t\t\t<div class=\"elementor-widget-container\">\n\t\t\t\t\t<h2 class=\"elementor-heading-title elementor-size-default\">Bra att veta<\/h2>\t\t\t\t<\/div>\n\t\t\t\t<\/div>\n\t\t\t\t<div class=\"elementor-element elementor-element-a5beaec elementor-widget elementor-widget-text-editor\" data-id=\"a5beaec\" data-element_type=\"widget\" data-e-type=\"widget\" data-widget_type=\"text-editor.default\">\n\t\t\t\t<div class=\"elementor-widget-container\">\n\t\t\t\t\t\t\t\t\t<p>Stugan ligger strax efter Riseberga l\u00e4gerplats. Det tar ca 6-7 h i lugn takt att paddla hit fr\u00e5n Stockam\u00f6llan.<br \/>Tycker man detta blir lite f\u00f6r mycket paddling dag 1 s\u00e5 kan vi \u00e4ven l\u00e4gga ut kanoter till er f\u00f6r start i Djupadalsm\u00f6lla.<br \/>D\u00e5 tar det 2,5-3,5 h till stugan dag 1.<\/p><p>Du kan utnyttja stugan i samband med alla paddelturer p\u00e5 1, 2 eller 3 dagar. Gl\u00f6m bara inte att du m\u00e5ste ha egen mat med dig!<\/p><p><strong>Alternativ 1: (en dag)<\/strong><\/p><p>Du hyr kanot eller kajak under en dag och paddlar fr\u00e5n Stockam\u00f6llan i lugn takt i ca 6-7 h (inklusive paus f\u00f6r medhavd fika). P\u00e5 eftermiddagen\/kv\u00e4llen avslutar ni paddlingen vid stugan och \u00f6vernattar h\u00e4r. Kv\u00e4llen tillbringar ni ute vid grillen eller njuter av brasan inomhus.<\/p><p><strong>Alternativ 1: (men med tv\u00e5 dagars paddling)<\/strong><\/p><p>Dag tv\u00e5 forts\u00e4tter ni till\u00a0paddlingen i ca 3,5-4,5 h f\u00f6r att sluta vid Herrevadskloster.<\/p><p><strong>Alternativ 1: (men med tre\u00a0dagars paddling)<\/strong><\/p><p>Dag tre\u00a0paddlar du ca 3,5-4,5 h\u00a0i lugn takt till l\u00e4gerplatsen i Herrevadskloster och forts\u00e4tter paddlingen dag tre i ca 2-3h. Du kommer d\u00e5 till Forsm\u00f6llan d\u00e4r du avslutar paddlingen.<\/p><p><strong>Alternativ 2: (en dag)<\/strong><\/p><p>Du hyr kanot eller kajak i en dag men startar ist\u00e4llet i Djupadalsm\u00f6lla d\u00e4r vi lagt ut utrustning till dig. H\u00e4rifr\u00e5n tar det ist\u00e4llet 2,5-3,5 h i lugn takt att ta sig till stugan. Vi h\u00e4mtar kanoterna h\u00e4r och ni spenderar kv\u00e4llen och natten i stugan.<\/p><p><strong>Alternativ 2: (men med tv\u00e5 dagars paddling)<\/strong><\/p><p>Dag tv\u00e5 forts\u00e4tter ni till\u00a0paddlingen i ca 3,5-4,5 h f\u00f6r att sluta vid Herrevadskloster.<\/p><p><strong>Alternativ 2: (men med tre\u00a0dagars paddling)<\/strong><\/p><p>Dag tre\u00a0paddlar du ca 3,5-4,5 h\u00a0i lugn takt till l\u00e4gerplatsen i Herrevadskloster och forts\u00e4tter paddlingen dag tre i ca 2-3h. Du kommer d\u00e5 till Forsm\u00f6llan d\u00e4r du avslutar paddlingen.<\/p><p><span style=\"text-decoration: underline; color: #2f3843;\"><a style=\"color: #2f3843;\" href=\"https:\/\/goo.gl\/maps\/kBkcew5VxmYVkBxF6\"><strong>Google-maps-kartn\u00e5l till Jaktstugan\u00a0i Riseberga<\/strong><\/a><\/span><\/p>\t\t\t\t\t\t\t\t<\/div>\n\t\t\t\t<\/div>\n\t\t\t\t<div class=\"elementor-element elementor-element-7eaf266 elementor-widget elementor-widget-heading\" data-id=\"7eaf266\" data-element_type=\"widget\" data-e-type=\"widget\" data-widget_type=\"heading.default\">\n\t\t\t\t<div class=\"elementor-widget-container\">\n\t\t\t\t\t<h2 class=\"elementor-heading-title elementor-size-default\">OBS!<\/h2>\t\t\t\t<\/div>\n\t\t\t\t<\/div>\n\t\t\t\t<div class=\"elementor-element elementor-element-4b997ba elementor-widget elementor-widget-text-editor\" data-id=\"4b997ba\" data-element_type=\"widget\" data-e-type=\"widget\" data-widget_type=\"text-editor.default\">\n\t\t\t\t<div class=\"elementor-widget-container\">\n\t\t\t\t\t\t\t\t\t<p><strong>Avbokning av stugan skall ske senast kl 12.00 tre dagar innan avf\u00e4rd.<\/strong><br \/>Djur \u00e4r ej till\u00e5tna i stugan. D\u00e5 stugan ligger ca 230 m fr\u00e5n en bondg\u00e5rd s\u00e5 \u00e4r det ingen garanti f\u00f6r personer med allergi. Om alla i gruppen inte f\u00e5r sovplats i stugan, kan n\u00e5gra \u00f6vernatta p\u00e5 l\u00e4gerplatsen i Riseberga 730\u00a0m bort. Det \u00e4r inte till\u00e5tet att t\u00e4lta i n\u00e4rheten av stugan d\u00e5 den ligger p\u00e5 en bondg\u00e5rd. F\u00f6re avresan skall stugan grovst\u00e4das. Utcheckning senast 12.00.<\/p>\t\t\t\t\t\t\t\t<\/div>\n\t\t\t\t<\/div>\n\t\t\t\t<div class=\"elementor-element elementor-element-43aa91f gallery-spacing-custom elementor-widget elementor-widget-image-gallery\" data-id=\"43aa91f\" data-element_type=\"widget\" data-e-type=\"widget\" data-widget_type=\"image-gallery.default\">\n\t\t\t\t<div class=\"elementor-widget-container\">\n\t\t\t\t\t\t\t<div class=\"elementor-image-gallery\">\n\t\t\t<div id='gallery-1' class='gallery galleryid-368 gallery-columns-3 gallery-size-full'><figure class='gallery-item'>\n\t\t\t<div class='gallery-icon landscape'>\n\t\t\t\t<a data-elementor-open-lightbox=\"yes\" data-elementor-lightbox-slideshow=\"43aa91f\" data-elementor-lightbox-title=\"1\" data-e-action-hash=\"#elementor-action%3Aaction%3Dlightbox%26settings%3DeyJpZCI6MzcxLCJ1cmwiOiJodHRwczpcL1wva2Fub3RjZW50cmFsZW4uc2VcL3dwLWNvbnRlbnRcL3VwbG9hZHNcLzIwMjNcLzAxXC8xLndlYnAiLCJzbGlkZXNob3ciOiI0M2FhOTFmIn0%3D\" href='https:\/\/kanotcentralen.se\/wp-content\/uploads\/2023\/01\/1.webp'><img fetchpriority=\"high\" decoding=\"async\" width=\"550\" height=\"550\" src=\"https:\/\/kanotcentralen.se\/wp-content\/uploads\/2023\/01\/1.webp\" class=\"attachment-full size-full\" alt=\"Riseberga Jaktstugan, utsida\" srcset=\"https:\/\/kanotcentralen.se\/wp-content\/uploads\/2023\/01\/1.webp 550w, https:\/\/kanotcentralen.se\/wp-content\/uploads\/2023\/01\/1-300x300.webp 300w, https:\/\/kanotcentralen.se\/wp-content\/uploads\/2023\/01\/1-150x150.webp 150w\" sizes=\"(max-width: 550px) 100vw, 550px\" \/><\/a>\n\t\t\t<\/div><\/figure><figure class='gallery-item'>\n\t\t\t<div class='gallery-icon landscape'>\n\t\t\t\t<a data-elementor-open-lightbox=\"yes\" data-elementor-lightbox-slideshow=\"43aa91f\" data-elementor-lightbox-title=\"2\" data-e-action-hash=\"#elementor-action%3Aaction%3Dlightbox%26settings%3DeyJpZCI6MzcyLCJ1cmwiOiJodHRwczpcL1wva2Fub3RjZW50cmFsZW4uc2VcL3dwLWNvbnRlbnRcL3VwbG9hZHNcLzIwMjNcLzAxXC8yLnBuZyIsInNsaWRlc2hvdyI6IjQzYWE5MWYifQ%3D%3D\" href='https:\/\/kanotcentralen.se\/wp-content\/uploads\/2023\/01\/2.png'><img decoding=\"async\" width=\"550\" height=\"550\" src=\"https:\/\/kanotcentralen.se\/wp-content\/uploads\/2023\/01\/2.png\" class=\"attachment-full size-full\" alt=\"Framsidan p\u00e5 Riseberga Jaktstugan\" srcset=\"https:\/\/kanotcentralen.se\/wp-content\/uploads\/2023\/01\/2.png 550w, https:\/\/kanotcentralen.se\/wp-content\/uploads\/2023\/01\/2-300x300.png 300w, https:\/\/kanotcentralen.se\/wp-content\/uploads\/2023\/01\/2-150x150.png 150w\" sizes=\"(max-width: 550px) 100vw, 550px\" \/><\/a>\n\t\t\t<\/div><\/figure><figure class='gallery-item'>\n\t\t\t<div class='gallery-icon landscape'>\n\t\t\t\t<a data-elementor-open-lightbox=\"yes\" data-elementor-lightbox-slideshow=\"43aa91f\" data-elementor-lightbox-title=\"3\" data-e-action-hash=\"#elementor-action%3Aaction%3Dlightbox%26settings%3DeyJpZCI6MzczLCJ1cmwiOiJodHRwczpcL1wva2Fub3RjZW50cmFsZW4uc2VcL3dwLWNvbnRlbnRcL3VwbG9hZHNcLzIwMjNcLzAxXC8zLnBuZyIsInNsaWRlc2hvdyI6IjQzYWE5MWYifQ%3D%3D\" href='https:\/\/kanotcentralen.se\/wp-content\/uploads\/2023\/01\/3.png'><img decoding=\"async\" width=\"550\" height=\"550\" src=\"https:\/\/kanotcentralen.se\/wp-content\/uploads\/2023\/01\/3.png\" class=\"attachment-full size-full\" alt=\"\u00d6ppen spis i Riseberga Jaktstugan\" srcset=\"https:\/\/kanotcentralen.se\/wp-content\/uploads\/2023\/01\/3.png 550w, https:\/\/kanotcentralen.se\/wp-content\/uploads\/2023\/01\/3-300x300.png 300w, https:\/\/kanotcentralen.se\/wp-content\/uploads\/2023\/01\/3-150x150.png 150w\" sizes=\"(max-width: 550px) 100vw, 550px\" \/><\/a>\n\t\t\t<\/div><\/figure><figure class='gallery-item'>\n\t\t\t<div class='gallery-icon landscape'>\n\t\t\t\t<a data-elementor-open-lightbox=\"yes\" data-elementor-lightbox-slideshow=\"43aa91f\" data-elementor-lightbox-title=\"5\" data-e-action-hash=\"#elementor-action%3Aaction%3Dlightbox%26settings%3DeyJpZCI6Mzc1LCJ1cmwiOiJodHRwczpcL1wva2Fub3RjZW50cmFsZW4uc2VcL3dwLWNvbnRlbnRcL3VwbG9hZHNcLzIwMjNcLzAxXC81LnBuZyIsInNsaWRlc2hvdyI6IjQzYWE5MWYifQ%3D%3D\" href='https:\/\/kanotcentralen.se\/wp-content\/uploads\/2023\/01\/5.png'><img loading=\"lazy\" decoding=\"async\" width=\"550\" height=\"550\" src=\"https:\/\/kanotcentralen.se\/wp-content\/uploads\/2023\/01\/5.png\" class=\"attachment-full size-full\" alt=\"\u00d6ppen spis som brinner i Riseberga Jaktstugan\" srcset=\"https:\/\/kanotcentralen.se\/wp-content\/uploads\/2023\/01\/5.png 550w, https:\/\/kanotcentralen.se\/wp-content\/uploads\/2023\/01\/5-300x300.png 300w, https:\/\/kanotcentralen.se\/wp-content\/uploads\/2023\/01\/5-150x150.png 150w\" sizes=\"(max-width: 550px) 100vw, 550px\" \/><\/a>\n\t\t\t<\/div><\/figure><figure class='gallery-item'>\n\t\t\t<div class='gallery-icon landscape'>\n\t\t\t\t<a data-elementor-open-lightbox=\"yes\" data-elementor-lightbox-slideshow=\"43aa91f\" data-elementor-lightbox-title=\"6\" data-e-action-hash=\"#elementor-action%3Aaction%3Dlightbox%26settings%3DeyJpZCI6Mzc2LCJ1cmwiOiJodHRwczpcL1wva2Fub3RjZW50cmFsZW4uc2VcL3dwLWNvbnRlbnRcL3VwbG9hZHNcLzIwMjNcLzAxXC82LnBuZyIsInNsaWRlc2hvdyI6IjQzYWE5MWYifQ%3D%3D\" href='https:\/\/kanotcentralen.se\/wp-content\/uploads\/2023\/01\/6.png'><img loading=\"lazy\" decoding=\"async\" width=\"550\" height=\"550\" src=\"https:\/\/kanotcentralen.se\/wp-content\/uploads\/2023\/01\/6.png\" class=\"attachment-full size-full\" alt=\"S\u00e4ngar i Riseberga Jaktstugan\" srcset=\"https:\/\/kanotcentralen.se\/wp-content\/uploads\/2023\/01\/6.png 550w, https:\/\/kanotcentralen.se\/wp-content\/uploads\/2023\/01\/6-300x300.png 300w, https:\/\/kanotcentralen.se\/wp-content\/uploads\/2023\/01\/6-150x150.png 150w\" sizes=\"(max-width: 550px) 100vw, 550px\" \/><\/a>\n\t\t\t<\/div><\/figure><figure class='gallery-item'>\n\t\t\t<div class='gallery-icon landscape'>\n\t\t\t\t<a data-elementor-open-lightbox=\"yes\" data-elementor-lightbox-slideshow=\"43aa91f\" data-elementor-lightbox-title=\"4\" data-e-action-hash=\"#elementor-action%3Aaction%3Dlightbox%26settings%3DeyJpZCI6Mzc0LCJ1cmwiOiJodHRwczpcL1wva2Fub3RjZW50cmFsZW4uc2VcL3dwLWNvbnRlbnRcL3VwbG9hZHNcLzIwMjNcLzAxXC80LnBuZyIsInNsaWRlc2hvdyI6IjQzYWE5MWYifQ%3D%3D\" href='https:\/\/kanotcentralen.se\/wp-content\/uploads\/2023\/01\/4.png'><img loading=\"lazy\" decoding=\"async\" width=\"550\" height=\"550\" src=\"https:\/\/kanotcentralen.se\/wp-content\/uploads\/2023\/01\/4.png\" class=\"attachment-full size-full\" alt=\"Soffa och loungedel i Riseberga Jaktstugan\" srcset=\"https:\/\/kanotcentralen.se\/wp-content\/uploads\/2023\/01\/4.png 550w, https:\/\/kanotcentralen.se\/wp-content\/uploads\/2023\/01\/4-300x300.png 300w, https:\/\/kanotcentralen.se\/wp-content\/uploads\/2023\/01\/4-150x150.png 150w\" sizes=\"(max-width: 550px) 100vw, 550px\" \/><\/a>\n\t\t\t<\/div><\/figure>\n\t\t<\/div>\n\t\t<\/div>\n\t\t\t\t\t\t<\/div>\n\t\t\t\t<\/div>\n\t\t\t\t\t<\/div>\n\t\t<\/div>\n\t\t\t\t\t<\/div>\n\t\t<\/section>\n\t\t\t\t\t<\/div>\n\t\t<\/div>\n\t\t\t\t\t<\/div>\n\t\t<\/section>\n\t\t\t\t<\/div>\n\t\t","protected":false},"excerpt":{"rendered":"<p>Stug\u00f6vernattning i Riseberga Jaktstugan Boka h\u00e4r Charmig liten stuga p\u00e5 h\u00e4stg\u00e5rd Jaktstugan&nbsp;ligger fint p\u00e5 en h\u00e4stg\u00e5rd 250 m fr\u00e5n R\u00f6nne \u00e5. H\u00e4r finns 4 b\u00e4ddar. En b\u00e4ddsoffa p\u00e5 nedanv\u00e5ningen f\u00f6r 2 personer och ett sovloft med 2 madrasser. Fullst\u00e4ndigt utrsustat k\u00f6k med kyl, frys, ugn, diskmaskin mm. \u00d6ppen spis och ved. Dush och toalett. Centralv\u00e4rme [&hellip;]<\/p>\n","protected":false},"author":1,"featured_media":0,"parent":0,"menu_order":0,"comment_status":"closed","ping_status":"closed","template":"","meta":{"footnotes":""},"class_list":["post-368","page","type-page","status-publish","hentry"],"yoast_head":"<!-- This site is optimized with the Yoast SEO plugin v26.0 - https:\/\/yoast.com\/wordpress\/plugins\/seo\/ -->\n<title>Jaktstugan i Riseberga &#8211; Kanotcentralen i Stockam\u00f6llan<\/title>\n<meta name=\"robots\" content=\"index, follow, max-snippet:-1, max-image-preview:large, max-video-preview:-1\" \/>\n<link rel=\"canonical\" href=\"https:\/\/kanotcentralen.se\/sv\/stugovernattning-i-riseberga\/\" \/>\n<meta property=\"og:locale\" content=\"sv_SE\" \/>\n<meta property=\"og:type\" content=\"article\" \/>\n<meta property=\"og:title\" content=\"Jaktstugan i Riseberga &#8211; Kanotcentralen i Stockam\u00f6llan\" \/>\n<meta property=\"og:description\" content=\"Stug\u00f6vernattning i Riseberga Jaktstugan Boka h\u00e4r Charmig liten stuga p\u00e5 h\u00e4stg\u00e5rd Jaktstugan&nbsp;ligger fint p\u00e5 en h\u00e4stg\u00e5rd 250 m fr\u00e5n R\u00f6nne \u00e5. H\u00e4r finns 4 b\u00e4ddar. En b\u00e4ddsoffa p\u00e5 nedanv\u00e5ningen f\u00f6r 2 personer och ett sovloft med 2 madrasser. Fullst\u00e4ndigt utrsustat k\u00f6k med kyl, frys, ugn, diskmaskin mm. \u00d6ppen spis och ved. Dush och toalett. Centralv\u00e4rme [&hellip;]\" \/>\n<meta property=\"og:url\" content=\"https:\/\/kanotcentralen.se\/sv\/stugovernattning-i-riseberga\/\" \/>\n<meta property=\"og:site_name\" content=\"Kanotcentralen i Stockam\u00f6llan\" \/>\n<meta property=\"article:publisher\" content=\"https:\/\/www.facebook.com\/kanotcentralen\/\" \/>\n<meta property=\"article:modified_time\" content=\"2026-03-19T11:22:51+00:00\" \/>\n<meta property=\"og:image\" content=\"https:\/\/kanotcentralen.se\/wp-content\/uploads\/2023\/01\/1.webp\" \/>\n<meta name=\"twitter:card\" content=\"summary_large_image\" \/>\n<meta name=\"twitter:label1\" content=\"Ber\u00e4knad l\u00e4stid\" \/>\n\t<meta name=\"twitter:data1\" content=\"4 minuter\" \/>\n<script type=\"application\/ld+json\" class=\"yoast-schema-graph\">{\"@context\":\"https:\/\/schema.org\",\"@graph\":[{\"@type\":\"WebPage\",\"@id\":\"https:\/\/kanotcentralen.se\/sv\/stugovernattning-i-riseberga\/\",\"url\":\"https:\/\/kanotcentralen.se\/sv\/stugovernattning-i-riseberga\/\",\"name\":\"Jaktstugan i Riseberga &#8211; Kanotcentralen i Stockam\u00f6llan\",\"isPartOf\":{\"@id\":\"https:\/\/kanotcentralen.se\/sv\/#website\"},\"primaryImageOfPage\":{\"@id\":\"https:\/\/kanotcentralen.se\/sv\/stugovernattning-i-riseberga\/#primaryimage\"},\"image\":{\"@id\":\"https:\/\/kanotcentralen.se\/sv\/stugovernattning-i-riseberga\/#primaryimage\"},\"thumbnailUrl\":\"https:\/\/kanotcentralen.se\/wp-content\/uploads\/2023\/01\/1.webp\",\"datePublished\":\"2023-01-17T19:20:13+00:00\",\"dateModified\":\"2026-03-19T11:22:51+00:00\",\"breadcrumb\":{\"@id\":\"https:\/\/kanotcentralen.se\/sv\/stugovernattning-i-riseberga\/#breadcrumb\"},\"inLanguage\":\"sv-SE\",\"potentialAction\":[{\"@type\":\"ReadAction\",\"target\":[\"https:\/\/kanotcentralen.se\/sv\/stugovernattning-i-riseberga\/\"]}]},{\"@type\":\"ImageObject\",\"inLanguage\":\"sv-SE\",\"@id\":\"https:\/\/kanotcentralen.se\/sv\/stugovernattning-i-riseberga\/#primaryimage\",\"url\":\"https:\/\/kanotcentralen.se\/wp-content\/uploads\/2023\/01\/1.webp\",\"contentUrl\":\"https:\/\/kanotcentralen.se\/wp-content\/uploads\/2023\/01\/1.webp\"},{\"@type\":\"BreadcrumbList\",\"@id\":\"https:\/\/kanotcentralen.se\/sv\/stugovernattning-i-riseberga\/#breadcrumb\",\"itemListElement\":[{\"@type\":\"ListItem\",\"position\":1,\"name\":\"Hem\",\"item\":\"https:\/\/kanotcentralen.se\/sv\/\"},{\"@type\":\"ListItem\",\"position\":2,\"name\":\"Jaktstugan i Riseberga\"}]},{\"@type\":\"WebSite\",\"@id\":\"https:\/\/kanotcentralen.se\/sv\/#website\",\"url\":\"https:\/\/kanotcentralen.se\/sv\/\",\"name\":\"Kanotcentralen i Stockam\u00f6llan\",\"description\":\"Hyra kanot i vackra Sk\u00e5ne\",\"publisher\":{\"@id\":\"https:\/\/kanotcentralen.se\/sv\/#organization\"},\"potentialAction\":[{\"@type\":\"SearchAction\",\"target\":{\"@type\":\"EntryPoint\",\"urlTemplate\":\"https:\/\/kanotcentralen.se\/sv\/?s={search_term_string}\"},\"query-input\":{\"@type\":\"PropertyValueSpecification\",\"valueRequired\":true,\"valueName\":\"search_term_string\"}}],\"inLanguage\":\"sv-SE\"},{\"@type\":\"Organization\",\"@id\":\"https:\/\/kanotcentralen.se\/sv\/#organization\",\"name\":\"Kanotcentralen i Stockam\u00f6llan\",\"url\":\"https:\/\/kanotcentralen.se\/sv\/\",\"logo\":{\"@type\":\"ImageObject\",\"inLanguage\":\"sv-SE\",\"@id\":\"https:\/\/kanotcentralen.se\/sv\/#\/schema\/logo\/image\/\",\"url\":\"https:\/\/kanotcentralen.se\/wp-content\/uploads\/2022\/02\/kanotcentralen-logo.png\",\"contentUrl\":\"https:\/\/kanotcentralen.se\/wp-content\/uploads\/2022\/02\/kanotcentralen-logo.png\",\"width\":300,\"height\":42,\"caption\":\"Kanotcentralen i Stockam\u00f6llan\"},\"image\":{\"@id\":\"https:\/\/kanotcentralen.se\/sv\/#\/schema\/logo\/image\/\"},\"sameAs\":[\"https:\/\/www.facebook.com\/kanotcentralen\/\",\"https:\/\/www.instagram.com\/kanotcentralen\/\"]}]}<\/script>\n<!-- \/ Yoast SEO plugin. -->","yoast_head_json":{"title":"Jaktstugan i Riseberga &#8211; Kanotcentralen i Stockam\u00f6llan","robots":{"index":"index","follow":"follow","max-snippet":"max-snippet:-1","max-image-preview":"max-image-preview:large","max-video-preview":"max-video-preview:-1"},"canonical":"https:\/\/kanotcentralen.se\/sv\/stugovernattning-i-riseberga\/","og_locale":"sv_SE","og_type":"article","og_title":"Jaktstugan i Riseberga &#8211; Kanotcentralen i Stockam\u00f6llan","og_description":"Stug\u00f6vernattning i Riseberga Jaktstugan Boka h\u00e4r Charmig liten stuga p\u00e5 h\u00e4stg\u00e5rd Jaktstugan&nbsp;ligger fint p\u00e5 en h\u00e4stg\u00e5rd 250 m fr\u00e5n R\u00f6nne \u00e5. H\u00e4r finns 4 b\u00e4ddar. En b\u00e4ddsoffa p\u00e5 nedanv\u00e5ningen f\u00f6r 2 personer och ett sovloft med 2 madrasser. Fullst\u00e4ndigt utrsustat k\u00f6k med kyl, frys, ugn, diskmaskin mm. \u00d6ppen spis och ved. Dush och toalett. Centralv\u00e4rme [&hellip;]","og_url":"https:\/\/kanotcentralen.se\/sv\/stugovernattning-i-riseberga\/","og_site_name":"Kanotcentralen i Stockam\u00f6llan","article_publisher":"https:\/\/www.facebook.com\/kanotcentralen\/","article_modified_time":"2026-03-19T11:22:51+00:00","og_image":[{"url":"https:\/\/kanotcentralen.se\/wp-content\/uploads\/2023\/01\/1.webp","type":"","width":"","height":""}],"twitter_card":"summary_large_image","twitter_misc":{"Ber\u00e4knad l\u00e4stid":"4 minuter"},"schema":{"@context":"https:\/\/schema.org","@graph":[{"@type":"WebPage","@id":"https:\/\/kanotcentralen.se\/sv\/stugovernattning-i-riseberga\/","url":"https:\/\/kanotcentralen.se\/sv\/stugovernattning-i-riseberga\/","name":"Jaktstugan i Riseberga &#8211; Kanotcentralen i Stockam\u00f6llan","isPartOf":{"@id":"https:\/\/kanotcentralen.se\/sv\/#website"},"primaryImageOfPage":{"@id":"https:\/\/kanotcentralen.se\/sv\/stugovernattning-i-riseberga\/#primaryimage"},"image":{"@id":"https:\/\/kanotcentralen.se\/sv\/stugovernattning-i-riseberga\/#primaryimage"},"thumbnailUrl":"https:\/\/kanotcentralen.se\/wp-content\/uploads\/2023\/01\/1.webp","datePublished":"2023-01-17T19:20:13+00:00","dateModified":"2026-03-19T11:22:51+00:00","breadcrumb":{"@id":"https:\/\/kanotcentralen.se\/sv\/stugovernattning-i-riseberga\/#breadcrumb"},"inLanguage":"sv-SE","potentialAction":[{"@type":"ReadAction","target":["https:\/\/kanotcentralen.se\/sv\/stugovernattning-i-riseberga\/"]}]},{"@type":"ImageObject","inLanguage":"sv-SE","@id":"https:\/\/kanotcentralen.se\/sv\/stugovernattning-i-riseberga\/#primaryimage","url":"https:\/\/kanotcentralen.se\/wp-content\/uploads\/2023\/01\/1.webp","contentUrl":"https:\/\/kanotcentralen.se\/wp-content\/uploads\/2023\/01\/1.webp"},{"@type":"BreadcrumbList","@id":"https:\/\/kanotcentralen.se\/sv\/stugovernattning-i-riseberga\/#breadcrumb","itemListElement":[{"@type":"ListItem","position":1,"name":"Hem","item":"https:\/\/kanotcentralen.se\/sv\/"},{"@type":"ListItem","position":2,"name":"Jaktstugan i Riseberga"}]},{"@type":"WebSite","@id":"https:\/\/kanotcentralen.se\/sv\/#website","url":"https:\/\/kanotcentralen.se\/sv\/","name":"Kanotcentralen i Stockam\u00f6llan","description":"Hyra kanot i vackra Sk\u00e5ne","publisher":{"@id":"https:\/\/kanotcentralen.se\/sv\/#organization"},"potentialAction":[{"@type":"SearchAction","target":{"@type":"EntryPoint","urlTemplate":"https:\/\/kanotcentralen.se\/sv\/?s={search_term_string}"},"query-input":{"@type":"PropertyValueSpecification","valueRequired":true,"valueName":"search_term_string"}}],"inLanguage":"sv-SE"},{"@type":"Organization","@id":"https:\/\/kanotcentralen.se\/sv\/#organization","name":"Kanotcentralen i Stockam\u00f6llan","url":"https:\/\/kanotcentralen.se\/sv\/","logo":{"@type":"ImageObject","inLanguage":"sv-SE","@id":"https:\/\/kanotcentralen.se\/sv\/#\/schema\/logo\/image\/","url":"https:\/\/kanotcentralen.se\/wp-content\/uploads\/2022\/02\/kanotcentralen-logo.png","contentUrl":"https:\/\/kanotcentralen.se\/wp-content\/uploads\/2022\/02\/kanotcentralen-logo.png","width":300,"height":42,"caption":"Kanotcentralen i Stockam\u00f6llan"},"image":{"@id":"https:\/\/kanotcentralen.se\/sv\/#\/schema\/logo\/image\/"},"sameAs":["https:\/\/www.facebook.com\/kanotcentralen\/","https:\/\/www.instagram.com\/kanotcentralen\/"]}]}},"_links":{"self":[{"href":"https:\/\/kanotcentralen.se\/sv\/wp-json\/wp\/v2\/pages\/368","targetHints":{"allow":["GET"]}}],"collection":[{"href":"https:\/\/kanotcentralen.se\/sv\/wp-json\/wp\/v2\/pages"}],"about":[{"href":"https:\/\/kanotcentralen.se\/sv\/wp-json\/wp\/v2\/types\/page"}],"author":[{"embeddable":true,"href":"https:\/\/kanotcentralen.se\/sv\/wp-json\/wp\/v2\/users\/1"}],"replies":[{"embeddable":true,"href":"https:\/\/kanotcentralen.se\/sv\/wp-json\/wp\/v2\/comments?post=368"}],"version-history":[{"count":37,"href":"https:\/\/kanotcentralen.se\/sv\/wp-json\/wp\/v2\/pages\/368\/revisions"}],"predecessor-version":[{"id":6600,"href":"https:\/\/kanotcentralen.se\/sv\/wp-json\/wp\/v2\/pages\/368\/revisions\/6600"}],"wp:attachment":[{"href":"https:\/\/kanotcentralen.se\/sv\/wp-json\/wp\/v2\/media?parent=368"}],"curies":[{"name":"wp","href":"https:\/\/api.w.org\/{rel}","templated":true}]}}