{"id":1239,"date":"2023-01-18T15:42:57","date_gmt":"2023-01-18T15:42:57","guid":{"rendered":"https:\/\/kanotcentralen.se\/vanliga-fragor-kanotuthyrning\/"},"modified":"2026-03-19T12:38:13","modified_gmt":"2026-03-19T12:38:13","slug":"vanliga-fragor-kanotuthyrning","status":"publish","type":"page","link":"https:\/\/kanotcentralen.se\/de\/vanliga-fragor-kanotuthyrning\/","title":{"rendered":"H\u00e4ufig gestellte Fragen"},"content":{"rendered":"\t\t<div data-elementor-type=\"wp-page\" data-elementor-id=\"1239\" class=\"elementor elementor-1239 elementor-451\" data-elementor-post-type=\"page\">\n\t\t\t\t\t\t<section class=\"elementor-section elementor-top-section elementor-element elementor-element-dd4be69 elementor-section-full_width elementor-section-height-min-height elementor-section-height-default elementor-section-items-middle\" data-id=\"dd4be69\" data-element_type=\"section\" data-e-type=\"section\" data-settings=\"{&quot;background_background&quot;:&quot;classic&quot;}\">\n\t\t\t\t\t\t\t<div class=\"elementor-background-overlay\"><\/div>\n\t\t\t\t\t\t\t<div class=\"elementor-container elementor-column-gap-default\">\n\t\t\t\t\t<div class=\"elementor-column elementor-col-100 elementor-top-column elementor-element elementor-element-6efd250\" data-id=\"6efd250\" data-element_type=\"column\" data-e-type=\"column\">\n\t\t\t<div class=\"elementor-widget-wrap elementor-element-populated\">\n\t\t\t\t\t\t<section class=\"elementor-section elementor-inner-section elementor-element elementor-element-1e7acc0 elementor-section-boxed elementor-section-height-default elementor-section-height-default\" data-id=\"1e7acc0\" data-element_type=\"section\" data-e-type=\"section\">\n\t\t\t\t\t\t<div class=\"elementor-container elementor-column-gap-default\">\n\t\t\t\t\t<div class=\"elementor-column elementor-col-100 elementor-inner-column elementor-element elementor-element-ba55ff3\" data-id=\"ba55ff3\" data-element_type=\"column\" data-e-type=\"column\">\n\t\t\t<div class=\"elementor-widget-wrap elementor-element-populated\">\n\t\t\t\t\t\t<div class=\"elementor-element elementor-element-f6001b3 elementor-widget elementor-widget-heading\" data-id=\"f6001b3\" data-element_type=\"widget\" data-e-type=\"widget\" data-widget_type=\"heading.default\">\n\t\t\t\t<div class=\"elementor-widget-container\">\n\t\t\t\t\t<h2 class=\"elementor-heading-title elementor-size-default\">H\u00e4ufig gestellte Fragen und Antworten<\/h2>\t\t\t\t<\/div>\n\t\t\t\t<\/div>\n\t\t\t\t\t<\/div>\n\t\t<\/div>\n\t\t\t\t\t<\/div>\n\t\t<\/section>\n\t\t\t\t<div class=\"elementor-element elementor-element-0160152 elementor-widget__width-auto elementor-fixed e-transform elementor-widget elementor-widget-button\" data-id=\"0160152\" data-element_type=\"widget\" data-e-type=\"widget\" data-settings=\"{&quot;_position&quot;:&quot;fixed&quot;,&quot;_transform_rotateZ_effect&quot;:{&quot;unit&quot;:&quot;px&quot;,&quot;size&quot;:-90,&quot;sizes&quot;:[]},&quot;_transform_rotateZ_effect_tablet&quot;:{&quot;unit&quot;:&quot;deg&quot;,&quot;size&quot;:&quot;&quot;,&quot;sizes&quot;:[]},&quot;_transform_rotateZ_effect_mobile&quot;:{&quot;unit&quot;:&quot;deg&quot;,&quot;size&quot;:&quot;&quot;,&quot;sizes&quot;:[]}}\" data-widget_type=\"button.default\">\n\t\t\t\t<div class=\"elementor-widget-container\">\n\t\t\t\t\t\t\t\t\t<div class=\"elementor-button-wrapper\">\n\t\t\t\t\t<a class=\"elementor-button elementor-button-link elementor-size-sm\" href=\"https:\/\/app.bookspot.io\/widget\/v3?widgetId=1358f547-502a-4357-a6df-925c7210b8fb\">\n\t\t\t\t\t\t<span class=\"elementor-button-content-wrapper\">\n\t\t\t\t\t\t\t\t\t<span class=\"elementor-button-text\">Hier buchen<\/span>\n\t\t\t\t\t<\/span>\n\t\t\t\t\t<\/a>\n\t\t\t\t<\/div>\n\t\t\t\t\t\t\t\t<\/div>\n\t\t\t\t<\/div>\n\t\t\t\t\t<\/div>\n\t\t<\/div>\n\t\t\t\t\t<\/div>\n\t\t<\/section>\n\t\t\t\t<section class=\"elementor-section elementor-top-section elementor-element elementor-element-e8fc808 elementor-section-boxed elementor-section-height-default elementor-section-height-default\" data-id=\"e8fc808\" data-element_type=\"section\" data-e-type=\"section\" data-settings=\"{&quot;background_background&quot;:&quot;classic&quot;}\">\n\t\t\t\t\t\t<div class=\"elementor-container elementor-column-gap-default\">\n\t\t\t\t\t<div class=\"elementor-column elementor-col-100 elementor-top-column elementor-element elementor-element-9b42e7b\" data-id=\"9b42e7b\" data-element_type=\"column\" data-e-type=\"column\">\n\t\t\t<div class=\"elementor-widget-wrap elementor-element-populated\">\n\t\t\t\t\t\t<section class=\"elementor-section elementor-inner-section elementor-element elementor-element-dba4349 elementor-section-boxed elementor-section-height-default elementor-section-height-default\" data-id=\"dba4349\" data-element_type=\"section\" data-e-type=\"section\" data-settings=\"{&quot;background_background&quot;:&quot;classic&quot;}\">\n\t\t\t\t\t\t<div class=\"elementor-container elementor-column-gap-default\">\n\t\t\t\t\t<div class=\"elementor-column elementor-col-100 elementor-inner-column elementor-element elementor-element-7b798c6\" data-id=\"7b798c6\" data-element_type=\"column\" data-e-type=\"column\">\n\t\t\t<div class=\"elementor-widget-wrap elementor-element-populated\">\n\t\t\t\t\t\t<div class=\"elementor-element elementor-element-6e5d4af elementor-widget elementor-widget-heading\" data-id=\"6e5d4af\" data-element_type=\"widget\" data-e-type=\"widget\" data-widget_type=\"heading.default\">\n\t\t\t\t<div class=\"elementor-widget-container\">\n\t\t\t\t\t<h2 class=\"elementor-heading-title elementor-size-default\">Buchung\/Bezahlung<\/h2>\t\t\t\t<\/div>\n\t\t\t\t<\/div>\n\t\t\t\t<div class=\"elementor-element elementor-element-63f0964 elementor-widget elementor-widget-toggle\" data-id=\"63f0964\" data-element_type=\"widget\" data-e-type=\"widget\" data-widget_type=\"toggle.default\">\n\t\t\t\t<div class=\"elementor-widget-container\">\n\t\t\t\t\t\t\t<div class=\"elementor-toggle\">\n\t\t\t\t\t\t\t<div class=\"elementor-toggle-item\">\n\t\t\t\t\t<div id=\"elementor-tab-title-1041\" class=\"elementor-tab-title\" data-tab=\"1\" role=\"button\" aria-controls=\"elementor-tab-content-1041\" aria-expanded=\"false\">\n\t\t\t\t\t\t\t\t\t\t\t\t<span class=\"elementor-toggle-icon elementor-toggle-icon-left\" aria-hidden=\"true\">\n\t\t\t\t\t\t\t\t\t\t\t\t\t\t\t<span class=\"elementor-toggle-icon-closed\"><i class=\"fas fa-plus\"><\/i><\/span>\n\t\t\t\t\t\t\t\t<span class=\"elementor-toggle-icon-opened\"><i class=\"elementor-toggle-icon-opened fas fa-times\"><\/i><\/span>\n\t\t\t\t\t\t\t\t\t\t\t\t\t<\/span>\n\t\t\t\t\t\t\t\t\t\t\t\t<a class=\"elementor-toggle-title\" tabindex=\"0\">Kann ich mit Karte bezahlen?<\/a>\n\t\t\t\t\t<\/div>\n\n\t\t\t\t\t<div id=\"elementor-tab-content-1041\" class=\"elementor-tab-content elementor-clearfix\" data-tab=\"1\" role=\"region\" aria-labelledby=\"elementor-tab-title-1041\"><p><strong>Antwort:<\/strong> Nein. Sie zahlen per Swish oder bar bei der Abreise.<\/p>\n<\/div>\n\t\t\t\t<\/div>\n\t\t\t\t\t\t\t<div class=\"elementor-toggle-item\">\n\t\t\t\t\t<div id=\"elementor-tab-title-1042\" class=\"elementor-tab-title\" data-tab=\"2\" role=\"button\" aria-controls=\"elementor-tab-content-1042\" aria-expanded=\"false\">\n\t\t\t\t\t\t\t\t\t\t\t\t<span class=\"elementor-toggle-icon elementor-toggle-icon-left\" aria-hidden=\"true\">\n\t\t\t\t\t\t\t\t\t\t\t\t\t\t\t<span class=\"elementor-toggle-icon-closed\"><i class=\"fas fa-plus\"><\/i><\/span>\n\t\t\t\t\t\t\t\t<span class=\"elementor-toggle-icon-opened\"><i class=\"elementor-toggle-icon-opened fas fa-times\"><\/i><\/span>\n\t\t\t\t\t\t\t\t\t\t\t\t\t<\/span>\n\t\t\t\t\t\t\t\t\t\t\t\t<a class=\"elementor-toggle-title\" tabindex=\"0\">Kann ich per Rechnung bezahlen?<\/a>\n\t\t\t\t\t<\/div>\n\n\t\t\t\t\t<div id=\"elementor-tab-content-1042\" class=\"elementor-tab-content elementor-clearfix\" data-tab=\"2\" role=\"region\" aria-labelledby=\"elementor-tab-title-1042\"><p><strong>Antwort:<\/strong> Wir bieten Unternehmen, Organisationen und Beh\u00f6rden die M\u00f6glichkeit, per Rechnung zu bezahlen. Es fallen keine Rechnungsgeb\u00fchren an. Wir nehmen auch Bestellanforderungen an. Kontaktieren Sie uns f\u00fcr weitere Informationen!<\/p>\n<\/div>\n\t\t\t\t<\/div>\n\t\t\t\t\t\t\t<div class=\"elementor-toggle-item\">\n\t\t\t\t\t<div id=\"elementor-tab-title-1043\" class=\"elementor-tab-title\" data-tab=\"3\" role=\"button\" aria-controls=\"elementor-tab-content-1043\" aria-expanded=\"false\">\n\t\t\t\t\t\t\t\t\t\t\t\t<span class=\"elementor-toggle-icon elementor-toggle-icon-left\" aria-hidden=\"true\">\n\t\t\t\t\t\t\t\t\t\t\t\t\t\t\t<span class=\"elementor-toggle-icon-closed\"><i class=\"fas fa-plus\"><\/i><\/span>\n\t\t\t\t\t\t\t\t<span class=\"elementor-toggle-icon-opened\"><i class=\"elementor-toggle-icon-opened fas fa-times\"><\/i><\/span>\n\t\t\t\t\t\t\t\t\t\t\t\t\t<\/span>\n\t\t\t\t\t\t\t\t\t\t\t\t<a class=\"elementor-toggle-title\" tabindex=\"0\">Wie lange im Voraus m\u00fcssen Sie buchen?<\/a>\n\t\t\t\t\t<\/div>\n\n\t\t\t\t\t<div id=\"elementor-tab-content-1043\" class=\"elementor-tab-content elementor-clearfix\" data-tab=\"3\" role=\"region\" aria-labelledby=\"elementor-tab-title-1043\"><p><strong>Antwort:<\/strong> Normalerweise sind Kanus und Ausr\u00fcstung in der Nebensaison an Wochentagen verf\u00fcgbar. F\u00fcr Wochenenden ist eine Vorank\u00fcndigung von 1-2 Wochen erforderlich. In der Hochsaison (Juli &#8211; August) sind wir sowohl an Wochentagen als auch an Feiertagen st\u00e4rker ausgelastet, so dass eine gute Planung erforderlich ist.<\/p>\n<\/div>\n\t\t\t\t<\/div>\n\t\t\t\t\t\t\t\t<\/div>\n\t\t\t\t\t\t<\/div>\n\t\t\t\t<\/div>\n\t\t\t\t<div class=\"elementor-element elementor-element-493c50c elementor-widget elementor-widget-heading\" data-id=\"493c50c\" data-element_type=\"widget\" data-e-type=\"widget\" data-widget_type=\"heading.default\">\n\t\t\t\t<div class=\"elementor-widget-container\">\n\t\t\t\t\t<h2 class=\"elementor-heading-title elementor-size-default\">Paddeln<\/h2>\t\t\t\t<\/div>\n\t\t\t\t<\/div>\n\t\t\t\t<div class=\"elementor-element elementor-element-d782b33 elementor-widget elementor-widget-toggle\" data-id=\"d782b33\" data-element_type=\"widget\" data-e-type=\"widget\" data-widget_type=\"toggle.default\">\n\t\t\t\t<div class=\"elementor-widget-container\">\n\t\t\t\t\t\t\t<div class=\"elementor-toggle\">\n\t\t\t\t\t\t\t<div class=\"elementor-toggle-item\">\n\t\t\t\t\t<div id=\"elementor-tab-title-2251\" class=\"elementor-tab-title\" data-tab=\"1\" role=\"button\" aria-controls=\"elementor-tab-content-2251\" aria-expanded=\"false\">\n\t\t\t\t\t\t\t\t\t\t\t\t<span class=\"elementor-toggle-icon elementor-toggle-icon-left\" aria-hidden=\"true\">\n\t\t\t\t\t\t\t\t\t\t\t\t\t\t\t<span class=\"elementor-toggle-icon-closed\"><i class=\"fas fa-plus\"><\/i><\/span>\n\t\t\t\t\t\t\t\t<span class=\"elementor-toggle-icon-opened\"><i class=\"elementor-toggle-icon-opened fas fa-times\"><\/i><\/span>\n\t\t\t\t\t\t\t\t\t\t\t\t\t<\/span>\n\t\t\t\t\t\t\t\t\t\t\t\t<a class=\"elementor-toggle-title\" tabindex=\"0\">Wie hoch ist die Altersgrenze f\u00fcr das Kanufahren?<\/a>\n\t\t\t\t\t<\/div>\n\n\t\t\t\t\t<div id=\"elementor-tab-content-2251\" class=\"elementor-tab-content elementor-clearfix\" data-tab=\"1\" role=\"region\" aria-labelledby=\"elementor-tab-title-2251\"><p><strong>Antwort:<\/strong> F\u00fcr aktives Paddeln sind es 12 Jahre.<\/p>\n<\/div>\n\t\t\t\t<\/div>\n\t\t\t\t\t\t\t<div class=\"elementor-toggle-item\">\n\t\t\t\t\t<div id=\"elementor-tab-title-2252\" class=\"elementor-tab-title\" data-tab=\"2\" role=\"button\" aria-controls=\"elementor-tab-content-2252\" aria-expanded=\"false\">\n\t\t\t\t\t\t\t\t\t\t\t\t<span class=\"elementor-toggle-icon elementor-toggle-icon-left\" aria-hidden=\"true\">\n\t\t\t\t\t\t\t\t\t\t\t\t\t\t\t<span class=\"elementor-toggle-icon-closed\"><i class=\"fas fa-plus\"><\/i><\/span>\n\t\t\t\t\t\t\t\t<span class=\"elementor-toggle-icon-opened\"><i class=\"elementor-toggle-icon-opened fas fa-times\"><\/i><\/span>\n\t\t\t\t\t\t\t\t\t\t\t\t\t<\/span>\n\t\t\t\t\t\t\t\t\t\t\t\t<a class=\"elementor-toggle-title\" tabindex=\"0\">Wie hoch ist der Schwierigkeitsgrad beim Kanufahren auf der R\u00f6nne?<\/a>\n\t\t\t\t\t<\/div>\n\n\t\t\t\t\t<div id=\"elementor-tab-content-2252\" class=\"elementor-tab-content elementor-clearfix\" data-tab=\"2\" role=\"region\" aria-labelledby=\"elementor-tab-title-2252\"><p><strong>Antwort:<\/strong> Das Paddeln auf der R\u00f6nne wird als leicht bis mittelschwer eingestuft.<\/p>\n<\/div>\n\t\t\t\t<\/div>\n\t\t\t\t\t\t\t<div class=\"elementor-toggle-item\">\n\t\t\t\t\t<div id=\"elementor-tab-title-2253\" class=\"elementor-tab-title\" data-tab=\"3\" role=\"button\" aria-controls=\"elementor-tab-content-2253\" aria-expanded=\"false\">\n\t\t\t\t\t\t\t\t\t\t\t\t<span class=\"elementor-toggle-icon elementor-toggle-icon-left\" aria-hidden=\"true\">\n\t\t\t\t\t\t\t\t\t\t\t\t\t\t\t<span class=\"elementor-toggle-icon-closed\"><i class=\"fas fa-plus\"><\/i><\/span>\n\t\t\t\t\t\t\t\t<span class=\"elementor-toggle-icon-opened\"><i class=\"elementor-toggle-icon-opened fas fa-times\"><\/i><\/span>\n\t\t\t\t\t\t\t\t\t\t\t\t\t<\/span>\n\t\t\t\t\t\t\t\t\t\t\t\t<a class=\"elementor-toggle-title\" tabindex=\"0\">Wie hoch ist das Risiko, in die Krise zu geraten?<\/a>\n\t\t\t\t\t<\/div>\n\n\t\t\t\t\t<div id=\"elementor-tab-content-2253\" class=\"elementor-tab-content elementor-clearfix\" data-tab=\"3\" role=\"region\" aria-labelledby=\"elementor-tab-title-2253\"><p><strong>Antwort: Ja:<\/strong> Wenn Sie unsere Anweisungen befolgen, ist das Risiko sehr gering. Unser Personal ist in den Bereichen Kanusport, Sicherheit und Technik geschult.<\/p>\n<\/div>\n\t\t\t\t<\/div>\n\t\t\t\t\t\t\t<div class=\"elementor-toggle-item\">\n\t\t\t\t\t<div id=\"elementor-tab-title-2254\" class=\"elementor-tab-title\" data-tab=\"4\" role=\"button\" aria-controls=\"elementor-tab-content-2254\" aria-expanded=\"false\">\n\t\t\t\t\t\t\t\t\t\t\t\t<span class=\"elementor-toggle-icon elementor-toggle-icon-left\" aria-hidden=\"true\">\n\t\t\t\t\t\t\t\t\t\t\t\t\t\t\t<span class=\"elementor-toggle-icon-closed\"><i class=\"fas fa-plus\"><\/i><\/span>\n\t\t\t\t\t\t\t\t<span class=\"elementor-toggle-icon-opened\"><i class=\"elementor-toggle-icon-opened fas fa-times\"><\/i><\/span>\n\t\t\t\t\t\t\t\t\t\t\t\t\t<\/span>\n\t\t\t\t\t\t\t\t\t\t\t\t<a class=\"elementor-toggle-title\" tabindex=\"0\">Kann man schwanger sein und auf der R\u00f6nne paddeln?<\/a>\n\t\t\t\t\t<\/div>\n\n\t\t\t\t\t<div id=\"elementor-tab-content-2254\" class=\"elementor-tab-content elementor-clearfix\" data-tab=\"4\" role=\"region\" aria-labelledby=\"elementor-tab-title-2254\"><p><strong>Antwort:<\/strong> Es sollte kein Problem geben. Wenden Sie sich jedoch immer an eine ausgebildete medizinische Fachkraft!<\/p>\n<\/div>\n\t\t\t\t<\/div>\n\t\t\t\t\t\t\t<div class=\"elementor-toggle-item\">\n\t\t\t\t\t<div id=\"elementor-tab-title-2255\" class=\"elementor-tab-title\" data-tab=\"5\" role=\"button\" aria-controls=\"elementor-tab-content-2255\" aria-expanded=\"false\">\n\t\t\t\t\t\t\t\t\t\t\t\t<span class=\"elementor-toggle-icon elementor-toggle-icon-left\" aria-hidden=\"true\">\n\t\t\t\t\t\t\t\t\t\t\t\t\t\t\t<span class=\"elementor-toggle-icon-closed\"><i class=\"fas fa-plus\"><\/i><\/span>\n\t\t\t\t\t\t\t\t<span class=\"elementor-toggle-icon-opened\"><i class=\"elementor-toggle-icon-opened fas fa-times\"><\/i><\/span>\n\t\t\t\t\t\t\t\t\t\t\t\t\t<\/span>\n\t\t\t\t\t\t\t\t\t\t\t\t<a class=\"elementor-toggle-title\" tabindex=\"0\">M\u00fcssen Sie eine Schwimmweste tragen?<\/a>\n\t\t\t\t\t<\/div>\n\n\t\t\t\t\t<div id=\"elementor-tab-content-2255\" class=\"elementor-tab-content elementor-clearfix\" data-tab=\"5\" role=\"region\" aria-labelledby=\"elementor-tab-title-2255\"><p><strong>Antwort:<\/strong> Wenn Sie mit uns paddeln, sind Schwimmwesten Pflicht!<\/p>\n<\/div>\n\t\t\t\t<\/div>\n\t\t\t\t\t\t\t<div class=\"elementor-toggle-item\">\n\t\t\t\t\t<div id=\"elementor-tab-title-2256\" class=\"elementor-tab-title\" data-tab=\"6\" role=\"button\" aria-controls=\"elementor-tab-content-2256\" aria-expanded=\"false\">\n\t\t\t\t\t\t\t\t\t\t\t\t<span class=\"elementor-toggle-icon elementor-toggle-icon-left\" aria-hidden=\"true\">\n\t\t\t\t\t\t\t\t\t\t\t\t\t\t\t<span class=\"elementor-toggle-icon-closed\"><i class=\"fas fa-plus\"><\/i><\/span>\n\t\t\t\t\t\t\t\t<span class=\"elementor-toggle-icon-opened\"><i class=\"elementor-toggle-icon-opened fas fa-times\"><\/i><\/span>\n\t\t\t\t\t\t\t\t\t\t\t\t\t<\/span>\n\t\t\t\t\t\t\t\t\t\t\t\t<a class=\"elementor-toggle-title\" tabindex=\"0\">Ist es m\u00f6glich, einen Hund mitzubringen?<\/a>\n\t\t\t\t\t<\/div>\n\n\t\t\t\t\t<div id=\"elementor-tab-content-2256\" class=\"elementor-tab-content elementor-clearfix\" data-tab=\"6\" role=\"region\" aria-labelledby=\"elementor-tab-title-2256\"><p><strong>Antwort:<\/strong> Wir hei\u00dfen alle Familienmitglieder willkommen! Bedenken Sie jedoch, dass es bei mehrt\u00e4gigen Paddeltouren eng werden kann, da Sie den Platz im Kanu haupts\u00e4chlich zum Packen ben\u00f6tigen. Leider haben wir aus hygienischen Gr\u00fcnden keine Hundeschwimmwesten mehr zu verleihen.<\/p>\n<\/div>\n\t\t\t\t<\/div>\n\t\t\t\t\t\t\t<div class=\"elementor-toggle-item\">\n\t\t\t\t\t<div id=\"elementor-tab-title-2257\" class=\"elementor-tab-title\" data-tab=\"7\" role=\"button\" aria-controls=\"elementor-tab-content-2257\" aria-expanded=\"false\">\n\t\t\t\t\t\t\t\t\t\t\t\t<span class=\"elementor-toggle-icon elementor-toggle-icon-left\" aria-hidden=\"true\">\n\t\t\t\t\t\t\t\t\t\t\t\t\t\t\t<span class=\"elementor-toggle-icon-closed\"><i class=\"fas fa-plus\"><\/i><\/span>\n\t\t\t\t\t\t\t\t<span class=\"elementor-toggle-icon-opened\"><i class=\"elementor-toggle-icon-opened fas fa-times\"><\/i><\/span>\n\t\t\t\t\t\t\t\t\t\t\t\t\t<\/span>\n\t\t\t\t\t\t\t\t\t\t\t\t<a class=\"elementor-toggle-title\" tabindex=\"0\">Wie lange dauert eine 1-t\u00e4gige Reise? 2-Tage &amp; 3-Tage? (Die Zeiten beziehen sich auf ein gem\u00e4chliches Anf\u00e4ngertempo)<\/a>\n\t\t\t\t\t<\/div>\n\n\t\t\t\t\t<div id=\"elementor-tab-content-2257\" class=\"elementor-tab-content elementor-clearfix\" data-tab=\"7\" role=\"region\" aria-labelledby=\"elementor-tab-title-2257\"><p><strong>Antwort:<\/strong><br \/>\nDie 1-Tagestour Stockam\u00f6llan &#8211; Djupdalsm\u00f6lla 12 km 4 Stunden.<br \/>\nDie 2-Tages-Tour Stockam\u00f6llan &#8211; Herrevadskloster 28 km 9 Stunden.<br \/>\nDie 3-Tages-Tour Stockam\u00f6llan &#8211; Forsm\u00f6llan 37 km 13 Stunden.<\/p>\n<\/div>\n\t\t\t\t<\/div>\n\t\t\t\t\t\t\t<div class=\"elementor-toggle-item\">\n\t\t\t\t\t<div id=\"elementor-tab-title-2258\" class=\"elementor-tab-title\" data-tab=\"8\" role=\"button\" aria-controls=\"elementor-tab-content-2258\" aria-expanded=\"false\">\n\t\t\t\t\t\t\t\t\t\t\t\t<span class=\"elementor-toggle-icon elementor-toggle-icon-left\" aria-hidden=\"true\">\n\t\t\t\t\t\t\t\t\t\t\t\t\t\t\t<span class=\"elementor-toggle-icon-closed\"><i class=\"fas fa-plus\"><\/i><\/span>\n\t\t\t\t\t\t\t\t<span class=\"elementor-toggle-icon-opened\"><i class=\"elementor-toggle-icon-opened fas fa-times\"><\/i><\/span>\n\t\t\t\t\t\t\t\t\t\t\t\t\t<\/span>\n\t\t\t\t\t\t\t\t\t\t\t\t<a class=\"elementor-toggle-title\" tabindex=\"0\">Wie man von den Endstationen zur\u00fcckkommt<\/a>\n\t\t\t\t\t<\/div>\n\n\t\t\t\t\t<div id=\"elementor-tab-content-2258\" class=\"elementor-tab-content elementor-clearfix\" data-tab=\"8\" role=\"region\" aria-labelledby=\"elementor-tab-title-2258\"><p><strong>Antwort:<\/strong><br \/>\nDie 1-Tagestour Stockam\u00f6llan &#8211; Djupdalsm\u00f6lla 12 km 4 Stunden. Private(s) Auto(s), Taxi.<br \/>\n2-Tages-Tour Stockam\u00f6llan &#8211; Herrevadskloster 28 km 9 Stunden. Privatauto(s), Taxi, Regionalbus 518.<br \/>\nDie 3-Tages-Tour Stockam\u00f6llan &#8211; Forsm\u00f6llan 37 km 13 Stunden. Privatauto(s), Taxi, Regionalbus 518.<\/p>\n<\/div>\n\t\t\t\t<\/div>\n\t\t\t\t\t\t\t<div class=\"elementor-toggle-item\">\n\t\t\t\t\t<div id=\"elementor-tab-title-2259\" class=\"elementor-tab-title\" data-tab=\"9\" role=\"button\" aria-controls=\"elementor-tab-content-2259\" aria-expanded=\"false\">\n\t\t\t\t\t\t\t\t\t\t\t\t<span class=\"elementor-toggle-icon elementor-toggle-icon-left\" aria-hidden=\"true\">\n\t\t\t\t\t\t\t\t\t\t\t\t\t\t\t<span class=\"elementor-toggle-icon-closed\"><i class=\"fas fa-plus\"><\/i><\/span>\n\t\t\t\t\t\t\t\t<span class=\"elementor-toggle-icon-opened\"><i class=\"elementor-toggle-icon-opened fas fa-times\"><\/i><\/span>\n\t\t\t\t\t\t\t\t\t\t\t\t\t<\/span>\n\t\t\t\t\t\t\t\t\t\t\t\t<a class=\"elementor-toggle-title\" tabindex=\"0\">Kann man flussabw\u00e4rts und dann wieder flussaufw\u00e4rts paddeln?<\/a>\n\t\t\t\t\t<\/div>\n\n\t\t\t\t\t<div id=\"elementor-tab-content-2259\" class=\"elementor-tab-content elementor-clearfix\" data-tab=\"9\" role=\"region\" aria-labelledby=\"elementor-tab-title-2259\"><p><strong>Antwort:<\/strong> Die Touren auf der R\u00f6nne sind so organisiert, dass man von A nach B paddeln kann &#8211; es ist also unm\u00f6glich, gegen die Str\u00f6mung zu paddeln. Die eint\u00e4gige Reise kann jedoch verk\u00fcrzt werden, indem man eine kurze Strecke paddelt und dann zur\u00fcckkehrt. Kontaktieren Sie uns f\u00fcr weitere Informationen.<\/p>\n<\/div>\n\t\t\t\t<\/div>\n\t\t\t\t\t\t\t\t<\/div>\n\t\t\t\t\t\t<\/div>\n\t\t\t\t<\/div>\n\t\t\t\t<div class=\"elementor-element elementor-element-130e41f elementor-widget elementor-widget-heading\" data-id=\"130e41f\" data-element_type=\"widget\" data-e-type=\"widget\" data-widget_type=\"heading.default\">\n\t\t\t\t<div class=\"elementor-widget-container\">\n\t\t\t\t\t<h2 class=\"elementor-heading-title elementor-size-default\">Entlang des Flusses R\u00f6nne<\/h2>\t\t\t\t<\/div>\n\t\t\t\t<\/div>\n\t\t\t\t<div class=\"elementor-element elementor-element-2462129 elementor-widget elementor-widget-toggle\" data-id=\"2462129\" data-element_type=\"widget\" data-e-type=\"widget\" data-widget_type=\"toggle.default\">\n\t\t\t\t<div class=\"elementor-widget-container\">\n\t\t\t\t\t\t\t<div class=\"elementor-toggle\">\n\t\t\t\t\t\t\t<div class=\"elementor-toggle-item\">\n\t\t\t\t\t<div id=\"elementor-tab-title-3811\" class=\"elementor-tab-title\" data-tab=\"1\" role=\"button\" aria-controls=\"elementor-tab-content-3811\" aria-expanded=\"false\">\n\t\t\t\t\t\t\t\t\t\t\t\t<span class=\"elementor-toggle-icon elementor-toggle-icon-left\" aria-hidden=\"true\">\n\t\t\t\t\t\t\t\t\t\t\t\t\t\t\t<span class=\"elementor-toggle-icon-closed\"><i class=\"fas fa-plus\"><\/i><\/span>\n\t\t\t\t\t\t\t\t<span class=\"elementor-toggle-icon-opened\"><i class=\"elementor-toggle-icon-opened fas fa-times\"><\/i><\/span>\n\t\t\t\t\t\t\t\t\t\t\t\t\t<\/span>\n\t\t\t\t\t\t\t\t\t\t\t\t<a class=\"elementor-toggle-title\" tabindex=\"0\">Was gibt es in und um die Campingpl\u00e4tze?<\/a>\n\t\t\t\t\t<\/div>\n\n\t\t\t\t\t<div id=\"elementor-tab-content-3811\" class=\"elementor-tab-content elementor-clearfix\" data-tab=\"1\" role=\"region\" aria-labelledby=\"elementor-tab-title-3811\"><p><strong>Antwort:<\/strong> Die Campingpl\u00e4tze am Fluss R\u00f6nne sind Anderstorp (7#) (Paddeltag 1), Riseberga (#11) (Paddeltag 1 oder 2) und Herrevadskloster (15#) (Paddeltag 2). Alle diese Campingpl\u00e4tze verf\u00fcgen \u00fcber 2 Schutzh\u00fctten (8-10 Personen) (nicht Herrevadskloster, wo es nur eine Schutzh\u00fctte gibt), vorbereitete Feuerstellen mit Grills, S\u00e4geholz und Axt. M\u00fclltonnen, Toiletten und gro\u00dfe Fl\u00e4chen zum Aufstellen von Zelten. Es gibt auch benachbarte Parkh\u00e4user (nicht Riseberga #11). Die Campingpl\u00e4tze sind \u00f6ffentlich und ihre Nutzung ist kostenlos. Camppl\u00e4tze k\u00f6nnen nicht im Voraus reserviert werden. Jeder Grundeigent\u00fcmer bzw. jede Gemeinde ist f\u00fcr die Campingpl\u00e4tze und deren Instandhaltung verantwortlich.<\/p>\n<\/div>\n\t\t\t\t<\/div>\n\t\t\t\t\t\t\t<div class=\"elementor-toggle-item\">\n\t\t\t\t\t<div id=\"elementor-tab-title-3812\" class=\"elementor-tab-title\" data-tab=\"2\" role=\"button\" aria-controls=\"elementor-tab-content-3812\" aria-expanded=\"false\">\n\t\t\t\t\t\t\t\t\t\t\t\t<span class=\"elementor-toggle-icon elementor-toggle-icon-left\" aria-hidden=\"true\">\n\t\t\t\t\t\t\t\t\t\t\t\t\t\t\t<span class=\"elementor-toggle-icon-closed\"><i class=\"fas fa-plus\"><\/i><\/span>\n\t\t\t\t\t\t\t\t<span class=\"elementor-toggle-icon-opened\"><i class=\"elementor-toggle-icon-opened fas fa-times\"><\/i><\/span>\n\t\t\t\t\t\t\t\t\t\t\t\t\t<\/span>\n\t\t\t\t\t\t\t\t\t\t\t\t<a class=\"elementor-toggle-title\" tabindex=\"0\">Ist es m\u00f6glich, auf den Campingpl\u00e4tzen zu parken?<\/a>\n\t\t\t\t\t<\/div>\n\n\t\t\t\t\t<div id=\"elementor-tab-content-3812\" class=\"elementor-tab-content elementor-clearfix\" data-tab=\"2\" role=\"region\" aria-labelledby=\"elementor-tab-title-3812\"><p><strong>Antwort:<\/strong> Sie k\u00f6nnen auf dem Campingplatz Anderstorp (Nr. 7) (Paddeltag 1) und auf dem Campingplatz Herrevadskloster (Nr. 15) (Paddeltag 2) parken. Auf dem Campingplatz Anderstorp gibt es einen Parkplatz in 400 m Entfernung. Das Herrevadskloster hat einen direkt angrenzenden Parkplatz. Es ist nicht m\u00f6glich, auf dem Campingplatz Riseberga (#11) zu parken.<\/p>\n<\/div>\n\t\t\t\t<\/div>\n\t\t\t\t\t\t\t<div class=\"elementor-toggle-item\">\n\t\t\t\t\t<div id=\"elementor-tab-title-3813\" class=\"elementor-tab-title\" data-tab=\"3\" role=\"button\" aria-controls=\"elementor-tab-content-3813\" aria-expanded=\"false\">\n\t\t\t\t\t\t\t\t\t\t\t\t<span class=\"elementor-toggle-icon elementor-toggle-icon-left\" aria-hidden=\"true\">\n\t\t\t\t\t\t\t\t\t\t\t\t\t\t\t<span class=\"elementor-toggle-icon-closed\"><i class=\"fas fa-plus\"><\/i><\/span>\n\t\t\t\t\t\t\t\t<span class=\"elementor-toggle-icon-opened\"><i class=\"elementor-toggle-icon-opened fas fa-times\"><\/i><\/span>\n\t\t\t\t\t\t\t\t\t\t\t\t\t<\/span>\n\t\t\t\t\t\t\t\t\t\t\t\t<a class=\"elementor-toggle-title\" tabindex=\"0\">Gibt es w\u00e4hrend der Reise Zugang zu sauberem Wasser?<\/a>\n\t\t\t\t\t<\/div>\n\n\t\t\t\t\t<div id=\"elementor-tab-content-3813\" class=\"elementor-tab-content elementor-clearfix\" data-tab=\"3\" role=\"region\" aria-labelledby=\"elementor-tab-title-3813\"><p><strong>Antwort:<\/strong> Diese M\u00f6glichkeit besteht leider nicht mehr. Wir bieten Wasserflaschen (10 Liter) an, die vor der Abreise in unseren R\u00e4umlichkeiten mit frischem Trinkwasser gef\u00fcllt werden. Dies ist ohne zus\u00e4tzliche Kosten m\u00f6glich. Sie k\u00f6nnen auch kleinere Trinkflaschen mitbringen.<\/p>\n<\/div>\n\t\t\t\t<\/div>\n\t\t\t\t\t\t\t<div class=\"elementor-toggle-item\">\n\t\t\t\t\t<div id=\"elementor-tab-title-3814\" class=\"elementor-tab-title\" data-tab=\"4\" role=\"button\" aria-controls=\"elementor-tab-content-3814\" aria-expanded=\"false\">\n\t\t\t\t\t\t\t\t\t\t\t\t<span class=\"elementor-toggle-icon elementor-toggle-icon-left\" aria-hidden=\"true\">\n\t\t\t\t\t\t\t\t\t\t\t\t\t\t\t<span class=\"elementor-toggle-icon-closed\"><i class=\"fas fa-plus\"><\/i><\/span>\n\t\t\t\t\t\t\t\t<span class=\"elementor-toggle-icon-opened\"><i class=\"elementor-toggle-icon-opened fas fa-times\"><\/i><\/span>\n\t\t\t\t\t\t\t\t\t\t\t\t\t<\/span>\n\t\t\t\t\t\t\t\t\t\t\t\t<a class=\"elementor-toggle-title\" tabindex=\"0\">M\u00fcssen Sie das\/die Kanu(e) auf dem Fluss R\u00f6nne heben?<\/a>\n\t\t\t\t\t<\/div>\n\n\t\t\t\t\t<div id=\"elementor-tab-content-3814\" class=\"elementor-tab-content elementor-clearfix\" data-tab=\"4\" role=\"region\" aria-labelledby=\"elementor-tab-title-3814\"><div class=\"catname three s-six xs-twelve\">\n<div class=\"inner showtoggle\">\n<div class=\"posts\">\n<div class=\"tuotelist\">\n<p><strong>Antwort:<\/strong> Entlang des Flusses R\u00f6nne gibt es 2 obligatorische Aufz\u00fcge. Dies sind Billingem\u00f6lla (Nr. 2) in 60 Metern und Djupadalms\u00f6lla (Nr. 6) in 100 Metern. Die Aufz\u00fcge sind mit Wegen ausgestattet.<\/p>\n<h4><\/h4>\n<\/div>\n<\/div>\n<\/div>\n<\/div>\n<div class=\"catname three s-six xs-twelve\">\n<div class=\"toggle\"><\/div>\n<\/div>\n<\/div>\n\t\t\t\t<\/div>\n\t\t\t\t\t\t\t<div class=\"elementor-toggle-item\">\n\t\t\t\t\t<div id=\"elementor-tab-title-3815\" class=\"elementor-tab-title\" data-tab=\"5\" role=\"button\" aria-controls=\"elementor-tab-content-3815\" aria-expanded=\"false\">\n\t\t\t\t\t\t\t\t\t\t\t\t<span class=\"elementor-toggle-icon elementor-toggle-icon-left\" aria-hidden=\"true\">\n\t\t\t\t\t\t\t\t\t\t\t\t\t\t\t<span class=\"elementor-toggle-icon-closed\"><i class=\"fas fa-plus\"><\/i><\/span>\n\t\t\t\t\t\t\t\t<span class=\"elementor-toggle-icon-opened\"><i class=\"elementor-toggle-icon-opened fas fa-times\"><\/i><\/span>\n\t\t\t\t\t\t\t\t\t\t\t\t\t<\/span>\n\t\t\t\t\t\t\t\t\t\t\t\t<a class=\"elementor-toggle-title\" tabindex=\"0\">Kann man in der R\u00f6nne angeln? \/ Kann man einen Angelschein kaufen?<\/a>\n\t\t\t\t\t<\/div>\n\n\t\t\t\t\t<div id=\"elementor-tab-content-3815\" class=\"elementor-tab-content elementor-clearfix\" data-tab=\"5\" role=\"region\" aria-labelledby=\"elementor-tab-title-3815\"><p><strong>Antwort:<\/strong> Auf der Website von iFiske k\u00f6nnen Sie ganz einfach einen Angelschein bestellen und mehr dar\u00fcber lesen, was f\u00fcr das Angeln gilt. <span style=\"color: #2f3843;\"><br \/>\n  <a style=\"color: #2f3843;\" href=\"http:\/\/www.ifiske.se\/fiske-ronnea-inom-klippans-kommun.htm\" target=\"_blank\" rel=\"noopener\">Website von iFiske<\/a><br \/>\n<\/span><\/p>\n<\/div>\n\t\t\t\t<\/div>\n\t\t\t\t\t\t\t<div class=\"elementor-toggle-item\">\n\t\t\t\t\t<div id=\"elementor-tab-title-3816\" class=\"elementor-tab-title\" data-tab=\"6\" role=\"button\" aria-controls=\"elementor-tab-content-3816\" aria-expanded=\"false\">\n\t\t\t\t\t\t\t\t\t\t\t\t<span class=\"elementor-toggle-icon elementor-toggle-icon-left\" aria-hidden=\"true\">\n\t\t\t\t\t\t\t\t\t\t\t\t\t\t\t<span class=\"elementor-toggle-icon-closed\"><i class=\"fas fa-plus\"><\/i><\/span>\n\t\t\t\t\t\t\t\t<span class=\"elementor-toggle-icon-opened\"><i class=\"elementor-toggle-icon-opened fas fa-times\"><\/i><\/span>\n\t\t\t\t\t\t\t\t\t\t\t\t\t<\/span>\n\t\t\t\t\t\t\t\t\t\t\t\t<a class=\"elementor-toggle-title\" tabindex=\"0\">Kann man sich beim Paddeln verirren?<\/a>\n\t\t\t\t\t<\/div>\n\n\t\t\t\t\t<div id=\"elementor-tab-content-3816\" class=\"elementor-tab-content elementor-clearfix\" data-tab=\"6\" role=\"region\" aria-labelledby=\"elementor-tab-title-3816\"><p><strong>Antwort:<\/strong> Nein. Die R\u00f6nne hat einige Seitenarme (0-10 Meter), die nach der \u00dcberquerung sofort wieder in den Hauptfluss m\u00fcnden.<\/p>\n<\/div>\n\t\t\t\t<\/div>\n\t\t\t\t\t\t\t<div class=\"elementor-toggle-item\">\n\t\t\t\t\t<div id=\"elementor-tab-title-3817\" class=\"elementor-tab-title\" data-tab=\"7\" role=\"button\" aria-controls=\"elementor-tab-content-3817\" aria-expanded=\"false\">\n\t\t\t\t\t\t\t\t\t\t\t\t<span class=\"elementor-toggle-icon elementor-toggle-icon-left\" aria-hidden=\"true\">\n\t\t\t\t\t\t\t\t\t\t\t\t\t\t\t<span class=\"elementor-toggle-icon-closed\"><i class=\"fas fa-plus\"><\/i><\/span>\n\t\t\t\t\t\t\t\t<span class=\"elementor-toggle-icon-opened\"><i class=\"elementor-toggle-icon-opened fas fa-times\"><\/i><\/span>\n\t\t\t\t\t\t\t\t\t\t\t\t\t<\/span>\n\t\t\t\t\t\t\t\t\t\t\t\t<a class=\"elementor-toggle-title\" tabindex=\"0\">Gibt es eine M\u00f6glichkeit zum \u00dcbernachten oder Grillen?<\/a>\n\t\t\t\t\t<\/div>\n\n\t\t\t\t\t<div id=\"elementor-tab-content-3817\" class=\"elementor-tab-content elementor-clearfix\" data-tab=\"7\" role=\"region\" aria-labelledby=\"elementor-tab-title-3817\"><p><strong>Antwort:<\/strong> Zu den Unterk\u00fcnften siehe die Frage &#8222;Was gibt es auf den Campingpl\u00e4tzen und in deren Umgebung&#8220;. Lyftet in <strong>Billingem\u00f6lla (#2)<\/strong> hat eine vorbereitete Feuerstelle und eine Bank. Nehmen Sie jedoch immer einen Einweggrill mit.<\/p>\n<\/div>\n\t\t\t\t<\/div>\n\t\t\t\t\t\t\t\t<\/div>\n\t\t\t\t\t\t<\/div>\n\t\t\t\t<\/div>\n\t\t\t\t<div class=\"elementor-element elementor-element-b726a7d elementor-widget elementor-widget-heading\" data-id=\"b726a7d\" data-element_type=\"widget\" data-e-type=\"widget\" data-widget_type=\"heading.default\">\n\t\t\t\t<div class=\"elementor-widget-container\">\n\t\t\t\t\t<h2 class=\"elementor-heading-title elementor-size-default\">Wie finden Sie uns und was gibt es hier?<\/h2>\t\t\t\t<\/div>\n\t\t\t\t<\/div>\n\t\t\t\t<div class=\"elementor-element elementor-element-5420374 elementor-widget elementor-widget-toggle\" data-id=\"5420374\" data-element_type=\"widget\" data-e-type=\"widget\" data-widget_type=\"toggle.default\">\n\t\t\t\t<div class=\"elementor-widget-container\">\n\t\t\t\t\t\t\t<div class=\"elementor-toggle\">\n\t\t\t\t\t\t\t<div class=\"elementor-toggle-item\">\n\t\t\t\t\t<div id=\"elementor-tab-title-8821\" class=\"elementor-tab-title\" data-tab=\"1\" role=\"button\" aria-controls=\"elementor-tab-content-8821\" aria-expanded=\"false\">\n\t\t\t\t\t\t\t\t\t\t\t\t<span class=\"elementor-toggle-icon elementor-toggle-icon-left\" aria-hidden=\"true\">\n\t\t\t\t\t\t\t\t\t\t\t\t\t\t\t<span class=\"elementor-toggle-icon-closed\"><i class=\"fas fa-plus\"><\/i><\/span>\n\t\t\t\t\t\t\t\t<span class=\"elementor-toggle-icon-opened\"><i class=\"elementor-toggle-icon-opened fas fa-times\"><\/i><\/span>\n\t\t\t\t\t\t\t\t\t\t\t\t\t<\/span>\n\t\t\t\t\t\t\t\t\t\t\t\t<a class=\"elementor-toggle-title\" tabindex=\"0\">Ist es m\u00f6glich, mit \u00f6ffentlichen Verkehrsmitteln zu den Sammelstellen und zur\u00fcck zu fahren?<\/a>\n\t\t\t\t\t<\/div>\n\n\t\t\t\t\t<div id=\"elementor-tab-content-8821\" class=\"elementor-tab-content elementor-clearfix\" data-tab=\"1\" role=\"region\" aria-labelledby=\"elementor-tab-title-8821\"><p><strong>Antwort: Ja:<\/strong> Ja, das k\u00f6nnen Sie. Die Regionalbuslinie 518 verkehrt auf dieser Strecke. Weitere Informationen finden Sie unter folgendem Link <span style=\"color: #2f3843;\"><br \/>\n  <a style=\"color: #2f3843;\" href=\"http:\/\/www.kanotcentralen.se\/hitta-till-kanotcentralen\/\">www.kanotcentralen.se\/hitta-till-kanotcentralen\/<\/a><br \/>\n<\/span><\/p>\n<\/div>\n\t\t\t\t<\/div>\n\t\t\t\t\t\t\t<div class=\"elementor-toggle-item\">\n\t\t\t\t\t<div id=\"elementor-tab-title-8822\" class=\"elementor-tab-title\" data-tab=\"2\" role=\"button\" aria-controls=\"elementor-tab-content-8822\" aria-expanded=\"false\">\n\t\t\t\t\t\t\t\t\t\t\t\t<span class=\"elementor-toggle-icon elementor-toggle-icon-left\" aria-hidden=\"true\">\n\t\t\t\t\t\t\t\t\t\t\t\t\t\t\t<span class=\"elementor-toggle-icon-closed\"><i class=\"fas fa-plus\"><\/i><\/span>\n\t\t\t\t\t\t\t\t<span class=\"elementor-toggle-icon-opened\"><i class=\"elementor-toggle-icon-opened fas fa-times\"><\/i><\/span>\n\t\t\t\t\t\t\t\t\t\t\t\t\t<\/span>\n\t\t\t\t\t\t\t\t\t\t\t\t<a class=\"elementor-toggle-title\" tabindex=\"0\">K\u00f6nnen private Kanus bei Ihnen festmachen?<\/a>\n\t\t\t\t\t<\/div>\n\n\t\t\t\t\t<div id=\"elementor-tab-content-8822\" class=\"elementor-tab-content elementor-clearfix\" data-tab=\"2\" role=\"region\" aria-labelledby=\"elementor-tab-title-8822\"><p><strong>Antwort:<\/strong> Wenn Sie ein Kanu und Ausr\u00fcstung von uns mieten, d\u00fcrfen Sie ein privates Kanu einsetzen &#8211; eine Voranmeldung ist immer erforderlich. Die Anzahl der Kanus ist jedoch begrenzt. Andernfalls werden Sie 2 km nach <strong>Gunnar\u00f6d (Nr. 1)<\/strong> geleitet, wo sich die \u00f6ffentliche Haltestelle befindet.<\/p>\n<\/div>\n\t\t\t\t<\/div>\n\t\t\t\t\t\t\t<div class=\"elementor-toggle-item\">\n\t\t\t\t\t<div id=\"elementor-tab-title-8823\" class=\"elementor-tab-title\" data-tab=\"3\" role=\"button\" aria-controls=\"elementor-tab-content-8823\" aria-expanded=\"false\">\n\t\t\t\t\t\t\t\t\t\t\t\t<span class=\"elementor-toggle-icon elementor-toggle-icon-left\" aria-hidden=\"true\">\n\t\t\t\t\t\t\t\t\t\t\t\t\t\t\t<span class=\"elementor-toggle-icon-closed\"><i class=\"fas fa-plus\"><\/i><\/span>\n\t\t\t\t\t\t\t\t<span class=\"elementor-toggle-icon-opened\"><i class=\"elementor-toggle-icon-opened fas fa-times\"><\/i><\/span>\n\t\t\t\t\t\t\t\t\t\t\t\t\t<\/span>\n\t\t\t\t\t\t\t\t\t\t\t\t<a class=\"elementor-toggle-title\" tabindex=\"0\">Kann man in der Stockam\u00f6llan lange parken?<\/a>\n\t\t\t\t\t<\/div>\n\n\t\t\t\t\t<div id=\"elementor-tab-content-8823\" class=\"elementor-tab-content elementor-clearfix\" data-tab=\"3\" role=\"region\" aria-labelledby=\"elementor-tab-title-8823\"><p><strong>Antwort:<\/strong> Wir haben einen Langzeitparkplatz, der sich direkt hinter unserem Geb\u00e4ude befindet. Hier k\u00f6nnen Sie Ihr Auto f\u00fcr l\u00e4ngere Zeit parken, w\u00e4hrend Sie paddeln gehen. Das Parken ist kostenlos.<\/p>\n<\/div>\n\t\t\t\t<\/div>\n\t\t\t\t\t\t\t<div class=\"elementor-toggle-item\">\n\t\t\t\t\t<div id=\"elementor-tab-title-8824\" class=\"elementor-tab-title\" data-tab=\"4\" role=\"button\" aria-controls=\"elementor-tab-content-8824\" aria-expanded=\"false\">\n\t\t\t\t\t\t\t\t\t\t\t\t<span class=\"elementor-toggle-icon elementor-toggle-icon-left\" aria-hidden=\"true\">\n\t\t\t\t\t\t\t\t\t\t\t\t\t\t\t<span class=\"elementor-toggle-icon-closed\"><i class=\"fas fa-plus\"><\/i><\/span>\n\t\t\t\t\t\t\t\t<span class=\"elementor-toggle-icon-opened\"><i class=\"elementor-toggle-icon-opened fas fa-times\"><\/i><\/span>\n\t\t\t\t\t\t\t\t\t\t\t\t\t<\/span>\n\t\t\t\t\t\t\t\t\t\t\t\t<a class=\"elementor-toggle-title\" tabindex=\"0\">K\u00f6nnen Sie vor der Abreise in Stockam\u00f6llan \u00fcbernachten?<\/a>\n\t\t\t\t\t<\/div>\n\n\t\t\t\t\t<div id=\"elementor-tab-content-8824\" class=\"elementor-tab-content elementor-clearfix\" data-tab=\"4\" role=\"region\" aria-labelledby=\"elementor-tab-title-8824\"><p><strong>Antwort: <\/strong>Wenn Sie vor Ihrer Abreise \u00fcbernachten m\u00f6chten, tun Sie dies auf dem Campingplatz Gunnar\u00f6d, etwa 2 km von Stockam\u00f6llan entfernt (siehe Karte). Es gibt 1 Unterstand, vorbereitete Feuerstellen, Toiletten und M\u00fclleimer. Es ist nicht erlaubt, auf unserer Landzunge zu campen, wo wir unsere Kanus und Aktivit\u00e4ten haben.<\/p>\n<\/div>\n\t\t\t\t<\/div>\n\t\t\t\t\t\t\t\t<\/div>\n\t\t\t\t\t\t<\/div>\n\t\t\t\t<\/div>\n\t\t\t\t<div class=\"elementor-element elementor-element-04e7da7 elementor-widget elementor-widget-heading\" data-id=\"04e7da7\" data-element_type=\"widget\" data-e-type=\"widget\" data-widget_type=\"heading.default\">\n\t\t\t\t<div class=\"elementor-widget-container\">\n\t\t\t\t\t<h2 class=\"elementor-heading-title elementor-size-default\">Ausr\u00fcstung<\/h2>\t\t\t\t<\/div>\n\t\t\t\t<\/div>\n\t\t\t\t<div class=\"elementor-element elementor-element-bb7d766 elementor-widget elementor-widget-toggle\" data-id=\"bb7d766\" data-element_type=\"widget\" data-e-type=\"widget\" data-widget_type=\"toggle.default\">\n\t\t\t\t<div class=\"elementor-widget-container\">\n\t\t\t\t\t\t\t<div class=\"elementor-toggle\">\n\t\t\t\t\t\t\t<div class=\"elementor-toggle-item\">\n\t\t\t\t\t<div id=\"elementor-tab-title-1961\" class=\"elementor-tab-title\" data-tab=\"1\" role=\"button\" aria-controls=\"elementor-tab-content-1961\" aria-expanded=\"false\">\n\t\t\t\t\t\t\t\t\t\t\t\t<span class=\"elementor-toggle-icon elementor-toggle-icon-left\" aria-hidden=\"true\">\n\t\t\t\t\t\t\t\t\t\t\t\t\t\t\t<span class=\"elementor-toggle-icon-closed\"><i class=\"fas fa-plus\"><\/i><\/span>\n\t\t\t\t\t\t\t\t<span class=\"elementor-toggle-icon-opened\"><i class=\"elementor-toggle-icon-opened fas fa-times\"><\/i><\/span>\n\t\t\t\t\t\t\t\t\t\t\t\t\t<\/span>\n\t\t\t\t\t\t\t\t\t\t\t\t<a class=\"elementor-toggle-title\" tabindex=\"0\">Haben Sie Schwimmwesten f\u00fcr Kinder?<\/a>\n\t\t\t\t\t<\/div>\n\n\t\t\t\t\t<div id=\"elementor-tab-content-1961\" class=\"elementor-tab-content elementor-clearfix\" data-tab=\"1\" role=\"region\" aria-labelledby=\"elementor-tab-title-1961\"><p><strong>Antwort: <\/strong>Wir haben Schwimmwesten von 0 Jahren und aufw\u00e4rts (0-60kg). Diese sind mit einem Schwimmkragen, Reflektoren, einer Pfeife und zus\u00e4tzlichem Auftrieb ausgestattet. Wir haben auch Holzpaddel f\u00fcr Kinder.<\/p>\n<\/div>\n\t\t\t\t<\/div>\n\t\t\t\t\t\t\t<div class=\"elementor-toggle-item\">\n\t\t\t\t\t<div id=\"elementor-tab-title-1962\" class=\"elementor-tab-title\" data-tab=\"2\" role=\"button\" aria-controls=\"elementor-tab-content-1962\" aria-expanded=\"false\">\n\t\t\t\t\t\t\t\t\t\t\t\t<span class=\"elementor-toggle-icon elementor-toggle-icon-left\" aria-hidden=\"true\">\n\t\t\t\t\t\t\t\t\t\t\t\t\t\t\t<span class=\"elementor-toggle-icon-closed\"><i class=\"fas fa-plus\"><\/i><\/span>\n\t\t\t\t\t\t\t\t<span class=\"elementor-toggle-icon-opened\"><i class=\"elementor-toggle-icon-opened fas fa-times\"><\/i><\/span>\n\t\t\t\t\t\t\t\t\t\t\t\t\t<\/span>\n\t\t\t\t\t\t\t\t\t\t\t\t<a class=\"elementor-toggle-title\" tabindex=\"0\">Haben Sie Schwimmwesten f\u00fcr alle Gr\u00f6\u00dfen?<\/a>\n\t\t\t\t\t<\/div>\n\n\t\t\t\t\t<div id=\"elementor-tab-content-1962\" class=\"elementor-tab-content elementor-clearfix\" data-tab=\"2\" role=\"region\" aria-labelledby=\"elementor-tab-title-1962\"><p><strong>Antwort: <\/strong>Wir haben Schwimmwesten von 0 Jahren und aufw\u00e4rts (0-60kg). Diese sind mit einem Schwimmkragen, Reflektoren, einer Pfeife und zus\u00e4tzlichem Auftrieb ausgestattet. Wir haben auch Schwimmwesten f\u00fcr Erwachsene von 50-70 kg, Segelwesten und XL-Westen ab 90 kg.<\/p>\n<\/div>\n\t\t\t\t<\/div>\n\t\t\t\t\t\t\t<div class=\"elementor-toggle-item\">\n\t\t\t\t\t<div id=\"elementor-tab-title-1963\" class=\"elementor-tab-title\" data-tab=\"3\" role=\"button\" aria-controls=\"elementor-tab-content-1963\" aria-expanded=\"false\">\n\t\t\t\t\t\t\t\t\t\t\t\t<span class=\"elementor-toggle-icon elementor-toggle-icon-left\" aria-hidden=\"true\">\n\t\t\t\t\t\t\t\t\t\t\t\t\t\t\t<span class=\"elementor-toggle-icon-closed\"><i class=\"fas fa-plus\"><\/i><\/span>\n\t\t\t\t\t\t\t\t<span class=\"elementor-toggle-icon-opened\"><i class=\"elementor-toggle-icon-opened fas fa-times\"><\/i><\/span>\n\t\t\t\t\t\t\t\t\t\t\t\t\t<\/span>\n\t\t\t\t\t\t\t\t\t\t\t\t<a class=\"elementor-toggle-title\" tabindex=\"0\">Was ist ein Kanu-Anh\u00e4nger?<\/a>\n\t\t\t\t\t<\/div>\n\n\t\t\t\t\t<div id=\"elementor-tab-content-1963\" class=\"elementor-tab-content elementor-clearfix\" data-tab=\"3\" role=\"region\" aria-labelledby=\"elementor-tab-title-1963\"><p><strong>Antwort: <\/strong>Ein Kanuanh\u00e4nger ist ein Ger\u00e4t, das f\u00fcr den Transport der Kanus w\u00e4hrend der obligatorischen Fahrten auf der R\u00f6nne gemietet werden kann.<\/p>\n<\/div>\n\t\t\t\t<\/div>\n\t\t\t\t\t\t\t<div class=\"elementor-toggle-item\">\n\t\t\t\t\t<div id=\"elementor-tab-title-1964\" class=\"elementor-tab-title\" data-tab=\"4\" role=\"button\" aria-controls=\"elementor-tab-content-1964\" aria-expanded=\"false\">\n\t\t\t\t\t\t\t\t\t\t\t\t<span class=\"elementor-toggle-icon elementor-toggle-icon-left\" aria-hidden=\"true\">\n\t\t\t\t\t\t\t\t\t\t\t\t\t\t\t<span class=\"elementor-toggle-icon-closed\"><i class=\"fas fa-plus\"><\/i><\/span>\n\t\t\t\t\t\t\t\t<span class=\"elementor-toggle-icon-opened\"><i class=\"elementor-toggle-icon-opened fas fa-times\"><\/i><\/span>\n\t\t\t\t\t\t\t\t\t\t\t\t\t<\/span>\n\t\t\t\t\t\t\t\t\t\t\t\t<a class=\"elementor-toggle-title\" tabindex=\"0\">Wie viel Gep\u00e4ck k\u00f6nnen Sie mitnehmen?<\/a>\n\t\t\t\t\t<\/div>\n\n\t\t\t\t\t<div id=\"elementor-tab-content-1964\" class=\"elementor-tab-content elementor-clearfix\" data-tab=\"4\" role=\"region\" aria-labelledby=\"elementor-tab-title-1964\"><p><strong>Antwort: <\/strong>Wir haben Kanus in verschiedenen Gr\u00f6\u00dfen. Das Maximalgewicht betr\u00e4gt bei allen unseren Kanus 350 kg &#8211; aber das Maximalgewicht ist nur einer von mehreren Faktoren, die zu ber\u00fccksichtigen sind. Denken Sie immer daran, intelligent zu packen und nur das N\u00f6tigste f\u00fcr die Reise mitzunehmen.<\/p>\n<\/div>\n\t\t\t\t<\/div>\n\t\t\t\t\t\t\t<div class=\"elementor-toggle-item\">\n\t\t\t\t\t<div id=\"elementor-tab-title-1965\" class=\"elementor-tab-title\" data-tab=\"5\" role=\"button\" aria-controls=\"elementor-tab-content-1965\" aria-expanded=\"false\">\n\t\t\t\t\t\t\t\t\t\t\t\t<span class=\"elementor-toggle-icon elementor-toggle-icon-left\" aria-hidden=\"true\">\n\t\t\t\t\t\t\t\t\t\t\t\t\t\t\t<span class=\"elementor-toggle-icon-closed\"><i class=\"fas fa-plus\"><\/i><\/span>\n\t\t\t\t\t\t\t\t<span class=\"elementor-toggle-icon-opened\"><i class=\"elementor-toggle-icon-opened fas fa-times\"><\/i><\/span>\n\t\t\t\t\t\t\t\t\t\t\t\t\t<\/span>\n\t\t\t\t\t\t\t\t\t\t\t\t<a class=\"elementor-toggle-title\" tabindex=\"0\">Wie kann man ein Kind am besten in ein Kanu setzen?<\/a>\n\t\t\t\t\t<\/div>\n\n\t\t\t\t\t<div id=\"elementor-tab-content-1965\" class=\"elementor-tab-content elementor-clearfix\" data-tab=\"5\" role=\"region\" aria-labelledby=\"elementor-tab-title-1965\"><p><strong>Antwort: <\/strong>Wir empfehlen, das Kind auf den Boden des Kanus zu legen. Bringen Sie daher bitte eine Sitzunterlage mit. Auf diese Weise sitzt das Kind unter dem Gel\u00e4nder und hat einen niedrigen K\u00f6rperschwerpunkt.<\/p>\n<\/div>\n\t\t\t\t<\/div>\n\t\t\t\t\t\t\t<div class=\"elementor-toggle-item\">\n\t\t\t\t\t<div id=\"elementor-tab-title-1966\" class=\"elementor-tab-title\" data-tab=\"6\" role=\"button\" aria-controls=\"elementor-tab-content-1966\" aria-expanded=\"false\">\n\t\t\t\t\t\t\t\t\t\t\t\t<span class=\"elementor-toggle-icon elementor-toggle-icon-left\" aria-hidden=\"true\">\n\t\t\t\t\t\t\t\t\t\t\t\t\t\t\t<span class=\"elementor-toggle-icon-closed\"><i class=\"fas fa-plus\"><\/i><\/span>\n\t\t\t\t\t\t\t\t<span class=\"elementor-toggle-icon-opened\"><i class=\"elementor-toggle-icon-opened fas fa-times\"><\/i><\/span>\n\t\t\t\t\t\t\t\t\t\t\t\t\t<\/span>\n\t\t\t\t\t\t\t\t\t\t\t\t<a class=\"elementor-toggle-title\" tabindex=\"0\">Wie viele Personen passen in ein Kanu?<\/a>\n\t\t\t\t\t<\/div>\n\n\t\t\t\t\t<div id=\"elementor-tab-content-1966\" class=\"elementor-tab-content elementor-clearfix\" data-tab=\"6\" role=\"region\" aria-labelledby=\"elementor-tab-title-1966\"><p><strong>Antwort: <\/strong>Wenn Sie nur einen Tagesausflug machen wollen, k\u00f6nnen Sie maximal drei Erwachsene oder zwei Erwachsene und zwei kleine Kinder (etwa 8 Jahre alt oder j\u00fcnger) in einem Kanu unterbringen. Denken Sie daran, dass nur zwei Personen den Platz haben, um aktiv im Kanu zu paddeln, w\u00e4hrend der Rest als Beifahrer sitzt. Sie k\u00f6nnen jedoch w\u00e4hrend der Fahrt mit anderen Personen tauschen. Vergessen Sie nicht, bei der Buchung anzugeben, wie viele Personen im Kanu sitzen werden.<\/p>\n<\/div>\n\t\t\t\t<\/div>\n\t\t\t\t\t\t\t<div class=\"elementor-toggle-item\">\n\t\t\t\t\t<div id=\"elementor-tab-title-1967\" class=\"elementor-tab-title\" data-tab=\"7\" role=\"button\" aria-controls=\"elementor-tab-content-1967\" aria-expanded=\"false\">\n\t\t\t\t\t\t\t\t\t\t\t\t<span class=\"elementor-toggle-icon elementor-toggle-icon-left\" aria-hidden=\"true\">\n\t\t\t\t\t\t\t\t\t\t\t\t\t\t\t<span class=\"elementor-toggle-icon-closed\"><i class=\"fas fa-plus\"><\/i><\/span>\n\t\t\t\t\t\t\t\t<span class=\"elementor-toggle-icon-opened\"><i class=\"elementor-toggle-icon-opened fas fa-times\"><\/i><\/span>\n\t\t\t\t\t\t\t\t\t\t\t\t\t<\/span>\n\t\t\t\t\t\t\t\t\t\t\t\t<a class=\"elementor-toggle-title\" tabindex=\"0\">R\u00fccktransport<\/a>\n\t\t\t\t\t<\/div>\n\n\t\t\t\t\t<div id=\"elementor-tab-content-1967\" class=\"elementor-tab-content elementor-clearfix\" data-tab=\"7\" role=\"region\" aria-labelledby=\"elementor-tab-title-1967\"><p><strong>Antwort: <\/strong>Der Preis beinhaltet den R\u00fccktransport der Ger\u00e4te. Leider k\u00f6nnen wir keine Repatriierung von Personen anbieten.<\/p>\n<\/div>\n\t\t\t\t<\/div>\n\t\t\t\t\t\t\t<div class=\"elementor-toggle-item\">\n\t\t\t\t\t<div id=\"elementor-tab-title-1968\" class=\"elementor-tab-title\" data-tab=\"8\" role=\"button\" aria-controls=\"elementor-tab-content-1968\" aria-expanded=\"false\">\n\t\t\t\t\t\t\t\t\t\t\t\t<span class=\"elementor-toggle-icon elementor-toggle-icon-left\" aria-hidden=\"true\">\n\t\t\t\t\t\t\t\t\t\t\t\t\t\t\t<span class=\"elementor-toggle-icon-closed\"><i class=\"fas fa-plus\"><\/i><\/span>\n\t\t\t\t\t\t\t\t<span class=\"elementor-toggle-icon-opened\"><i class=\"elementor-toggle-icon-opened fas fa-times\"><\/i><\/span>\n\t\t\t\t\t\t\t\t\t\t\t\t\t<\/span>\n\t\t\t\t\t\t\t\t\t\t\t\t<a class=\"elementor-toggle-title\" tabindex=\"0\">Welche Ausr\u00fcstung haben Sie?<\/a>\n\t\t\t\t\t<\/div>\n\n\t\t\t\t\t<div id=\"elementor-tab-content-1968\" class=\"elementor-tab-content elementor-clearfix\" data-tab=\"8\" role=\"region\" aria-labelledby=\"elementor-tab-title-1968\"><p>Da wir hohe Anforderungen an die Sicherheit stellen, verwenden wir nur Ger\u00e4te von namhaften Herstellern, die die von uns geforderte hohe Qualit\u00e4t liefern k\u00f6nnen.<\/p>\n<p>Wir verf\u00fcgen \u00fcber insgesamt 64 einsatzbereite Kanus verschiedener Modelle &#8211; von leichtg\u00e4ngigen und einfach zu paddelnden Kanus bis hin zu gr\u00f6\u00dferen und breiteren Modellen, die sich gut mit Gep\u00e4ck f\u00fcr mehrt\u00e4gige Paddeltouren beladen lassen. Die Marken reichen von Hasle, Wenonah bis Coleman und sind sowohl 2- als auch 3-Mann-Boote mit und ohne Kiel. Die Schwimmwesten sind haupts\u00e4chlich von den schwedischen Firmen Baltic und Linder und sind von hoher Qualit\u00e4t und Sicherheit. Auch unsere Paddel und Kanu-Anh\u00e4nger werden von Linder geliefert.<\/p>\n<p>Nehmen Sie Kontakt mit uns auf, wenn Sie mehr \u00fcber die von uns angebotenen Ger\u00e4te erfahren m\u00f6chten.<\/p>\n<\/div>\n\t\t\t\t<\/div>\n\t\t\t\t\t\t\t<div class=\"elementor-toggle-item\">\n\t\t\t\t\t<div id=\"elementor-tab-title-1969\" class=\"elementor-tab-title\" data-tab=\"9\" role=\"button\" aria-controls=\"elementor-tab-content-1969\" aria-expanded=\"false\">\n\t\t\t\t\t\t\t\t\t\t\t\t<span class=\"elementor-toggle-icon elementor-toggle-icon-left\" aria-hidden=\"true\">\n\t\t\t\t\t\t\t\t\t\t\t\t\t\t\t<span class=\"elementor-toggle-icon-closed\"><i class=\"fas fa-plus\"><\/i><\/span>\n\t\t\t\t\t\t\t\t<span class=\"elementor-toggle-icon-opened\"><i class=\"elementor-toggle-icon-opened fas fa-times\"><\/i><\/span>\n\t\t\t\t\t\t\t\t\t\t\t\t\t<\/span>\n\t\t\t\t\t\t\t\t\t\t\t\t<a class=\"elementor-toggle-title\" tabindex=\"0\">Haben Sie Kanus aus Aluminium?<\/a>\n\t\t\t\t\t<\/div>\n\n\t\t\t\t\t<div id=\"elementor-tab-content-1969\" class=\"elementor-tab-content elementor-clearfix\" data-tab=\"9\" role=\"region\" aria-labelledby=\"elementor-tab-title-1969\"><p>Leider haben wir keine Aluminiumkanus mehr in unserer Flotte, da sie schwer zu warten sind und sich besser f\u00fcr Seereisen eignen. Die von uns verwendeten Modelle sind Kanus aus Polyethylen. Das Modell ist sehr haltbar und entspricht z.B. den Anforderungen. als Aluminium und neigt nicht dazu, z. B. an Aluminium zu haften. den Aufprall von gro\u00dfen Steinen. Um unsere Kanus noch haltbarer zu machen, verst\u00e4rken wir regelm\u00e4\u00dfig den Kiel und den Rumpf. Die Wahl von Kanus aus Polyethylen h\u00e4lt das Gewicht niedrig, erh\u00f6ht die Man\u00f6vrierf\u00e4higkeit und macht sie f\u00fcr Anf\u00e4nger leichter zu paddeln.<\/p>\n<\/div>\n\t\t\t\t<\/div>\n\t\t\t\t\t\t\t\t<\/div>\n\t\t\t\t\t\t<\/div>\n\t\t\t\t<\/div>\n\t\t\t\t<div class=\"elementor-element elementor-element-3e4a837 elementor-widget elementor-widget-heading\" data-id=\"3e4a837\" data-element_type=\"widget\" data-e-type=\"widget\" data-widget_type=\"heading.default\">\n\t\t\t\t<div class=\"elementor-widget-container\">\n\t\t\t\t\t<h2 class=\"elementor-heading-title elementor-size-default\">Andere<\/h2>\t\t\t\t<\/div>\n\t\t\t\t<\/div>\n\t\t\t\t<div class=\"elementor-element elementor-element-6015166 elementor-widget elementor-widget-toggle\" data-id=\"6015166\" data-element_type=\"widget\" data-e-type=\"widget\" data-widget_type=\"toggle.default\">\n\t\t\t\t<div class=\"elementor-widget-container\">\n\t\t\t\t\t\t\t<div class=\"elementor-toggle\">\n\t\t\t\t\t\t\t<div class=\"elementor-toggle-item\">\n\t\t\t\t\t<div id=\"elementor-tab-title-1001\" class=\"elementor-tab-title\" data-tab=\"1\" role=\"button\" aria-controls=\"elementor-tab-content-1001\" aria-expanded=\"false\">\n\t\t\t\t\t\t\t\t\t\t\t\t<span class=\"elementor-toggle-icon elementor-toggle-icon-left\" aria-hidden=\"true\">\n\t\t\t\t\t\t\t\t\t\t\t\t\t\t\t<span class=\"elementor-toggle-icon-closed\"><i class=\"fas fa-plus\"><\/i><\/span>\n\t\t\t\t\t\t\t\t<span class=\"elementor-toggle-icon-opened\"><i class=\"elementor-toggle-icon-opened fas fa-times\"><\/i><\/span>\n\t\t\t\t\t\t\t\t\t\t\t\t\t<\/span>\n\t\t\t\t\t\t\t\t\t\t\t\t<a class=\"elementor-toggle-title\" tabindex=\"0\">Haben Sie Geschenkgutscheine?<\/a>\n\t\t\t\t\t<\/div>\n\n\t\t\t\t\t<div id=\"elementor-tab-content-1001\" class=\"elementor-tab-content elementor-clearfix\" data-tab=\"1\" role=\"region\" aria-labelledby=\"elementor-tab-title-1001\"><p><strong>Antwort: <\/strong>Wir verkaufen Geschenkgutscheine. Hier k\u00f6nnen Sie ganz einfach bestellen: <span style=\"color: #2f3843;\"><br \/>\n  <a style=\"color: #2f3843;\" href=\"http:\/\/www.kanotcentralen.se\/presentkort-kanotuthyrning\/\">Geschenkgutscheine-Kanuverleih<\/a><br \/>\n<\/span><\/p>\n<\/div>\n\t\t\t\t<\/div>\n\t\t\t\t\t\t\t<div class=\"elementor-toggle-item\">\n\t\t\t\t\t<div id=\"elementor-tab-title-1002\" class=\"elementor-tab-title\" data-tab=\"2\" role=\"button\" aria-controls=\"elementor-tab-content-1002\" aria-expanded=\"false\">\n\t\t\t\t\t\t\t\t\t\t\t\t<span class=\"elementor-toggle-icon elementor-toggle-icon-left\" aria-hidden=\"true\">\n\t\t\t\t\t\t\t\t\t\t\t\t\t\t\t<span class=\"elementor-toggle-icon-closed\"><i class=\"fas fa-plus\"><\/i><\/span>\n\t\t\t\t\t\t\t\t<span class=\"elementor-toggle-icon-opened\"><i class=\"elementor-toggle-icon-opened fas fa-times\"><\/i><\/span>\n\t\t\t\t\t\t\t\t\t\t\t\t\t<\/span>\n\t\t\t\t\t\t\t\t\t\t\t\t<a class=\"elementor-toggle-title\" tabindex=\"0\">Wie lange dauert die Saison?<\/a>\n\t\t\t\t\t<\/div>\n\n\t\t\t\t\t<div id=\"elementor-tab-content-1002\" class=\"elementor-tab-content elementor-clearfix\" data-tab=\"2\" role=\"region\" aria-labelledby=\"elementor-tab-title-1002\"><p><strong>Antwort: <\/strong>Im Jahr 2019 l\u00e4uft die Saison vom 16. April bis zum 1. Oktober. Die Hochsaison ist im Juli und August. F\u00fcr Paddeltouren vor und nach der Saison, kontaktieren Sie uns f\u00fcr weitere Informationen!<\/p>\n<\/div>\n\t\t\t\t<\/div>\n\t\t\t\t\t\t\t\t<\/div>\n\t\t\t\t\t\t<\/div>\n\t\t\t\t<\/div>\n\t\t\t\t\t<\/div>\n\t\t<\/div>\n\t\t\t\t\t<\/div>\n\t\t<\/section>\n\t\t\t\t\t<\/div>\n\t\t<\/div>\n\t\t\t\t\t<\/div>\n\t\t<\/section>\n\t\t\t\t<\/div>\n\t\t","protected":false},"excerpt":{"rendered":"<p>H\u00e4ufig gestellte Fragen und Antworten Hier buchen Buchung\/Bezahlung Kann ich mit Karte bezahlen? Antwort: Nein. Sie zahlen per Swish oder bar bei der Abreise. Kann ich per Rechnung bezahlen? Antwort: Wir bieten Unternehmen, Organisationen und Beh\u00f6rden die M\u00f6glichkeit, per Rechnung zu bezahlen. Es fallen keine Rechnungsgeb\u00fchren an. Wir nehmen auch Bestellanforderungen an. Kontaktieren Sie uns [&hellip;]<\/p>\n","protected":false},"author":1,"featured_media":0,"parent":0,"menu_order":0,"comment_status":"closed","ping_status":"closed","template":"","meta":{"footnotes":""},"class_list":["post-1239","page","type-page","status-publish","hentry"],"yoast_head":"<!-- This site is optimized with the Yoast SEO plugin v26.0 - https:\/\/yoast.com\/wordpress\/plugins\/seo\/ -->\n<title>H\u00e4ufig gestellte Fragen &#8211; Kanotcentralen i Stockam\u00f6llan<\/title>\n<meta name=\"robots\" content=\"index, follow, max-snippet:-1, max-image-preview:large, max-video-preview:-1\" \/>\n<link rel=\"canonical\" href=\"https:\/\/kanotcentralen.se\/sv\/vanliga-fragor-kanotuthyrning\/\" \/>\n<meta property=\"og:locale\" content=\"de_DE\" \/>\n<meta property=\"og:type\" content=\"article\" \/>\n<meta property=\"og:title\" content=\"H\u00e4ufig gestellte Fragen &#8211; Kanotcentralen i Stockam\u00f6llan\" \/>\n<meta property=\"og:description\" content=\"H\u00e4ufig gestellte Fragen und Antworten Hier buchen Buchung\/Bezahlung Kann ich mit Karte bezahlen? Antwort: Nein. Sie zahlen per Swish oder bar bei der Abreise. Kann ich per Rechnung bezahlen? Antwort: Wir bieten Unternehmen, Organisationen und Beh\u00f6rden die M\u00f6glichkeit, per Rechnung zu bezahlen. Es fallen keine Rechnungsgeb\u00fchren an. Wir nehmen auch Bestellanforderungen an. Kontaktieren Sie uns [&hellip;]\" \/>\n<meta property=\"og:url\" content=\"https:\/\/kanotcentralen.se\/sv\/vanliga-fragor-kanotuthyrning\/\" \/>\n<meta property=\"og:site_name\" content=\"Kanotcentralen i Stockam\u00f6llan\" \/>\n<meta property=\"article:publisher\" content=\"https:\/\/www.facebook.com\/kanotcentralen\/\" \/>\n<meta property=\"article:modified_time\" content=\"2026-03-19T12:38:13+00:00\" \/>\n<meta name=\"twitter:card\" content=\"summary_large_image\" \/>\n<meta name=\"twitter:label1\" content=\"Gesch\u00e4tzte Lesezeit\" \/>\n\t<meta name=\"twitter:data1\" content=\"9\u00a0Minuten\" \/>\n<script type=\"application\/ld+json\" class=\"yoast-schema-graph\">{\"@context\":\"https:\/\/schema.org\",\"@graph\":[{\"@type\":\"WebPage\",\"@id\":\"https:\/\/kanotcentralen.se\/sv\/vanliga-fragor-kanotuthyrning\/\",\"url\":\"https:\/\/kanotcentralen.se\/sv\/vanliga-fragor-kanotuthyrning\/\",\"name\":\"H\u00e4ufig gestellte Fragen &#8211; Kanotcentralen i Stockam\u00f6llan\",\"isPartOf\":{\"@id\":\"https:\/\/kanotcentralen.se\/sv\/#website\"},\"datePublished\":\"2023-01-18T15:42:57+00:00\",\"dateModified\":\"2026-03-19T12:38:13+00:00\",\"breadcrumb\":{\"@id\":\"https:\/\/kanotcentralen.se\/sv\/vanliga-fragor-kanotuthyrning\/#breadcrumb\"},\"inLanguage\":\"de\",\"potentialAction\":[{\"@type\":\"ReadAction\",\"target\":[\"https:\/\/kanotcentralen.se\/sv\/vanliga-fragor-kanotuthyrning\/\"]}]},{\"@type\":\"BreadcrumbList\",\"@id\":\"https:\/\/kanotcentralen.se\/sv\/vanliga-fragor-kanotuthyrning\/#breadcrumb\",\"itemListElement\":[{\"@type\":\"ListItem\",\"position\":1,\"name\":\"Hem\",\"item\":\"https:\/\/kanotcentralen.se\/sv\/\"},{\"@type\":\"ListItem\",\"position\":2,\"name\":\"H\u00e4ufig gestellte Fragen\"}]},{\"@type\":\"WebSite\",\"@id\":\"https:\/\/kanotcentralen.se\/sv\/#website\",\"url\":\"https:\/\/kanotcentralen.se\/sv\/\",\"name\":\"Kanotcentralen i Stockam\u00f6llan\",\"description\":\"Hyra kanot i vackra Sk\u00e5ne\",\"publisher\":{\"@id\":\"https:\/\/kanotcentralen.se\/sv\/#organization\"},\"potentialAction\":[{\"@type\":\"SearchAction\",\"target\":{\"@type\":\"EntryPoint\",\"urlTemplate\":\"https:\/\/kanotcentralen.se\/sv\/?s={search_term_string}\"},\"query-input\":{\"@type\":\"PropertyValueSpecification\",\"valueRequired\":true,\"valueName\":\"search_term_string\"}}],\"inLanguage\":\"de\"},{\"@type\":\"Organization\",\"@id\":\"https:\/\/kanotcentralen.se\/sv\/#organization\",\"name\":\"Kanotcentralen i Stockam\u00f6llan\",\"url\":\"https:\/\/kanotcentralen.se\/sv\/\",\"logo\":{\"@type\":\"ImageObject\",\"inLanguage\":\"de\",\"@id\":\"https:\/\/kanotcentralen.se\/sv\/#\/schema\/logo\/image\/\",\"url\":\"https:\/\/kanotcentralen.se\/wp-content\/uploads\/2022\/02\/kanotcentralen-logo.png\",\"contentUrl\":\"https:\/\/kanotcentralen.se\/wp-content\/uploads\/2022\/02\/kanotcentralen-logo.png\",\"width\":300,\"height\":42,\"caption\":\"Kanotcentralen i Stockam\u00f6llan\"},\"image\":{\"@id\":\"https:\/\/kanotcentralen.se\/sv\/#\/schema\/logo\/image\/\"},\"sameAs\":[\"https:\/\/www.facebook.com\/kanotcentralen\/\",\"https:\/\/www.instagram.com\/kanotcentralen\/\"]}]}<\/script>\n<!-- \/ Yoast SEO plugin. -->","yoast_head_json":{"title":"H\u00e4ufig gestellte Fragen &#8211; Kanotcentralen i Stockam\u00f6llan","robots":{"index":"index","follow":"follow","max-snippet":"max-snippet:-1","max-image-preview":"max-image-preview:large","max-video-preview":"max-video-preview:-1"},"canonical":"https:\/\/kanotcentralen.se\/sv\/vanliga-fragor-kanotuthyrning\/","og_locale":"de_DE","og_type":"article","og_title":"H\u00e4ufig gestellte Fragen &#8211; Kanotcentralen i Stockam\u00f6llan","og_description":"H\u00e4ufig gestellte Fragen und Antworten Hier buchen Buchung\/Bezahlung Kann ich mit Karte bezahlen? Antwort: Nein. Sie zahlen per Swish oder bar bei der Abreise. Kann ich per Rechnung bezahlen? Antwort: Wir bieten Unternehmen, Organisationen und Beh\u00f6rden die M\u00f6glichkeit, per Rechnung zu bezahlen. Es fallen keine Rechnungsgeb\u00fchren an. Wir nehmen auch Bestellanforderungen an. Kontaktieren Sie uns [&hellip;]","og_url":"https:\/\/kanotcentralen.se\/sv\/vanliga-fragor-kanotuthyrning\/","og_site_name":"Kanotcentralen i Stockam\u00f6llan","article_publisher":"https:\/\/www.facebook.com\/kanotcentralen\/","article_modified_time":"2026-03-19T12:38:13+00:00","twitter_card":"summary_large_image","twitter_misc":{"Gesch\u00e4tzte Lesezeit":"9\u00a0Minuten"},"schema":{"@context":"https:\/\/schema.org","@graph":[{"@type":"WebPage","@id":"https:\/\/kanotcentralen.se\/sv\/vanliga-fragor-kanotuthyrning\/","url":"https:\/\/kanotcentralen.se\/sv\/vanliga-fragor-kanotuthyrning\/","name":"H\u00e4ufig gestellte Fragen &#8211; Kanotcentralen i Stockam\u00f6llan","isPartOf":{"@id":"https:\/\/kanotcentralen.se\/sv\/#website"},"datePublished":"2023-01-18T15:42:57+00:00","dateModified":"2026-03-19T12:38:13+00:00","breadcrumb":{"@id":"https:\/\/kanotcentralen.se\/sv\/vanliga-fragor-kanotuthyrning\/#breadcrumb"},"inLanguage":"de","potentialAction":[{"@type":"ReadAction","target":["https:\/\/kanotcentralen.se\/sv\/vanliga-fragor-kanotuthyrning\/"]}]},{"@type":"BreadcrumbList","@id":"https:\/\/kanotcentralen.se\/sv\/vanliga-fragor-kanotuthyrning\/#breadcrumb","itemListElement":[{"@type":"ListItem","position":1,"name":"Hem","item":"https:\/\/kanotcentralen.se\/sv\/"},{"@type":"ListItem","position":2,"name":"H\u00e4ufig gestellte Fragen"}]},{"@type":"WebSite","@id":"https:\/\/kanotcentralen.se\/sv\/#website","url":"https:\/\/kanotcentralen.se\/sv\/","name":"Kanotcentralen i Stockam\u00f6llan","description":"Hyra kanot i vackra Sk\u00e5ne","publisher":{"@id":"https:\/\/kanotcentralen.se\/sv\/#organization"},"potentialAction":[{"@type":"SearchAction","target":{"@type":"EntryPoint","urlTemplate":"https:\/\/kanotcentralen.se\/sv\/?s={search_term_string}"},"query-input":{"@type":"PropertyValueSpecification","valueRequired":true,"valueName":"search_term_string"}}],"inLanguage":"de"},{"@type":"Organization","@id":"https:\/\/kanotcentralen.se\/sv\/#organization","name":"Kanotcentralen i Stockam\u00f6llan","url":"https:\/\/kanotcentralen.se\/sv\/","logo":{"@type":"ImageObject","inLanguage":"de","@id":"https:\/\/kanotcentralen.se\/sv\/#\/schema\/logo\/image\/","url":"https:\/\/kanotcentralen.se\/wp-content\/uploads\/2022\/02\/kanotcentralen-logo.png","contentUrl":"https:\/\/kanotcentralen.se\/wp-content\/uploads\/2022\/02\/kanotcentralen-logo.png","width":300,"height":42,"caption":"Kanotcentralen i Stockam\u00f6llan"},"image":{"@id":"https:\/\/kanotcentralen.se\/sv\/#\/schema\/logo\/image\/"},"sameAs":["https:\/\/www.facebook.com\/kanotcentralen\/","https:\/\/www.instagram.com\/kanotcentralen\/"]}]}},"_links":{"self":[{"href":"https:\/\/kanotcentralen.se\/de\/wp-json\/wp\/v2\/pages\/1239","targetHints":{"allow":["GET"]}}],"collection":[{"href":"https:\/\/kanotcentralen.se\/de\/wp-json\/wp\/v2\/pages"}],"about":[{"href":"https:\/\/kanotcentralen.se\/de\/wp-json\/wp\/v2\/types\/page"}],"author":[{"embeddable":true,"href":"https:\/\/kanotcentralen.se\/de\/wp-json\/wp\/v2\/users\/1"}],"replies":[{"embeddable":true,"href":"https:\/\/kanotcentralen.se\/de\/wp-json\/wp\/v2\/comments?post=1239"}],"version-history":[{"count":29,"href":"https:\/\/kanotcentralen.se\/de\/wp-json\/wp\/v2\/pages\/1239\/revisions"}],"predecessor-version":[{"id":6775,"href":"https:\/\/kanotcentralen.se\/de\/wp-json\/wp\/v2\/pages\/1239\/revisions\/6775"}],"wp:attachment":[{"href":"https:\/\/kanotcentralen.se\/de\/wp-json\/wp\/v2\/media?parent=1239"}],"curies":[{"name":"wp","href":"https:\/\/api.w.org\/{rel}","templated":true}]}}